{"id":43,"date":"1860-01-01T00:00:00","date_gmt":"1970-01-01T00:00:00","guid":{"rendered":"http:\/\/localhost\/wordpress\/?page_id=37"},"modified":"2025-02-08T19:20:46","modified_gmt":"2025-02-08T19:20:46","slug":"geschichte","status":"publish","type":"page","link":"https:\/\/fw-hardt.de\/?page_id=43","title":{"rendered":"Geschichte"},"content":{"rendered":"<p>[et_pb_section fb_built=&#8221;1&#8243; specialty=&#8221;on&#8221; _builder_version=&#8221;4.16&#8243; _module_preset=&#8221;default&#8221; background_color=&#8221;#e8e8e8&#8243; global_colors_info=&#8221;{}&#8221;][et_pb_column type=&#8221;2_3&#8243; specialty_columns=&#8221;2&#8243; _builder_version=&#8221;4.16&#8243; custom_padding=&#8221;|||&#8221; global_colors_info=&#8221;{}&#8221; custom_padding__hover=&#8221;|||&#8221;][et_pb_row_inner _builder_version=&#8221;4.16&#8243; _module_preset=&#8221;default&#8221; custom_margin=&#8221;-36px|||||&#8221; global_colors_info=&#8221;{}&#8221;][et_pb_column_inner saved_specialty_column_type=&#8221;2_3&#8243; _builder_version=&#8221;4.16&#8243; _module_preset=&#8221;default&#8221; global_colors_info=&#8221;{}&#8221;][et_pb_divider show_divider=&#8221;off&#8221; _builder_version=&#8221;4.16&#8243; _module_preset=&#8221;default&#8221; global_colors_info=&#8221;{}&#8221;][\/et_pb_divider][et_pb_divider divider_weight=&#8221;4px&#8221; _builder_version=&#8221;4.16&#8243; _module_preset=&#8221;default&#8221; custom_margin=&#8221;||1px|||&#8221; global_colors_info=&#8221;{}&#8221;][\/et_pb_divider][et_pb_text _builder_version=&#8221;4.16&#8243; _module_preset=&#8221;default&#8221; text_font=&#8221;|600|||||||&#8221; text_font_size=&#8221;30px&#8221; text_orientation=&#8221;center&#8221; global_colors_info=&#8221;{}&#8221;]<\/p>\n<p>Geschichte<\/p>\n<p>[\/et_pb_text][et_pb_divider divider_weight=&#8221;4px&#8221; _builder_version=&#8221;4.16&#8243; _module_preset=&#8221;default&#8221; custom_margin=&#8221;||1px|||&#8221; global_colors_info=&#8221;{}&#8221;][\/et_pb_divider][et_pb_text _builder_version=&#8221;4.16&#8243; _module_preset=&#8221;default&#8221; text_font=&#8221;|600|||||||&#8221; text_text_color=&#8221;#666666&#8243; global_colors_info=&#8221;{}&#8221;]<\/p>\n<section class=\"elementor-section elementor-top-section elementor-element elementor-element-a74f3e2 elementor-section-boxed elementor-section-height-default elementor-section-height-default\" data-id=\"a74f3e2\" data-element_type=\"section\">\n<div class=\"elementor-container elementor-column-gap-default\">\n<div class=\"elementor-row\">\n<div class=\"elementor-column elementor-col-100 elementor-top-column elementor-element elementor-element-9696d6f\" data-id=\"9696d6f\" data-element_type=\"column\">\n<div class=\"elementor-column-wrap elementor-element-populated\">\n<div class=\"elementor-widget-wrap\">\n<div class=\"elementor-element elementor-element-d49163c elementor-widget elementor-widget-text-editor\" data-id=\"d49163c\" data-element_type=\"widget\" data-widget_type=\"text-editor.default\">\n<div class=\"elementor-widget-container\">\n<div class=\"elementor-text-editor elementor-clearfix\">\n<p><span>Aus der Zusammenstellung der Geschichte der Hardter Feuerwehr die Peter Grams 1970 zum damals 60j\u00e4hrigen Bestehen verfasste.<\/span><\/p>\n<\/div>\n<\/div>\n<\/div>\n<\/div>\n<\/div>\n<\/div>\n<\/div>\n<\/div>\n<\/section>\n<section class=\"elementor-section elementor-top-section elementor-element elementor-element-18b491a elementor-section-boxed elementor-section-height-default elementor-section-height-default\" data-id=\"18b491a\" data-element_type=\"section\">\n<div class=\"elementor-container elementor-column-gap-default\">\n<div class=\"elementor-row\">\n<div class=\"elementor-column elementor-col-100 elementor-top-column elementor-element elementor-element-4bb51b9\" data-id=\"4bb51b9\" data-element_type=\"column\">\n<div class=\"elementor-column-wrap elementor-element-populated\">\n<div class=\"elementor-widget-wrap\">\n<div class=\"elementor-element elementor-element-14d01a8 elementor-widget elementor-widget-testimonial\" data-id=\"14d01a8\" data-element_type=\"widget\" data-widget_type=\"testimonial.default\">\n<div class=\"elementor-widget-container\">\n<div class=\"elementor-testimonial-wrapper elementor-testimonial-text-align-center\">\n<div class=\"elementor-testimonial-content\">Wohlt\u00e4tig ist des Feuers Macht, wenn sie der Mensch bez\u00e4hmt, bewacht, und was er bildet, was er schafft, das dankt er dieser Himmelskraft, doch furchtbar wird die Himmelskraft; wenn sie der Fessel sich entrafft, einhertritt auf der eigenen Spur, die freie Tochter der Natur. Wehe, wenn sie losgelassen, wachsend ohne Widerstand, durch die volksbeliebten Gassen, w\u00e4lzt den ungeheuren Brand ! So sagte Schiller in seinem Gedicht \u201cDie Glocke\u201d.<\/div>\n<\/div>\n<\/div>\n<\/div>\n<\/div>\n<\/div>\n<\/div>\n<\/div>\n<\/div>\n<\/section>\n<section class=\"elementor-section elementor-top-section elementor-element elementor-element-602fc29 elementor-section-boxed elementor-section-height-default elementor-section-height-default\" data-id=\"602fc29\" data-element_type=\"section\">\n<div class=\"elementor-container elementor-column-gap-default\">\n<div class=\"elementor-row\">\n<div class=\"elementor-column elementor-col-100 elementor-top-column elementor-element elementor-element-bc0bd1c\" data-id=\"bc0bd1c\" data-element_type=\"column\">\n<div class=\"elementor-column-wrap elementor-element-populated\">\n<div class=\"elementor-widget-wrap\">\n<div class=\"elementor-element elementor-element-7150ad5 elementor-widget elementor-widget-text-editor\" data-id=\"7150ad5\" data-element_type=\"widget\" data-widget_type=\"text-editor.default\">\n<div class=\"elementor-widget-container\">\n<div class=\"elementor-text-editor elementor-clearfix\">\n<p><span>Seit alters her hat der Mensch die Wohltaten des Feuers erfahren, aber auch seine verheerenden Wirkungen bei Br\u00e4nden zu sp\u00fcren bekommen. Welch namenloses Leid hat schon die Brandfackel in Kriegszeiten \u00fcber die Menschen gebracht. St\u00e4dte und D\u00f6rfer, H\u00e4user und H\u00f6fe, W\u00e4lder und erntereife Getreidefelder, Arbeit eines Lebens, Arbeit von Jahrhunderten, Leib und Leben vieler Menschen, ob jung oder alt, wurden Opfer des Feuers.<\/span><\/p>\n<\/div>\n<\/div>\n<\/div>\n<\/div>\n<\/div>\n<\/div>\n<\/div>\n<\/div>\n<\/section>\n<section class=\"elementor-section elementor-top-section elementor-element elementor-element-cff2361 elementor-section-boxed elementor-section-height-default elementor-section-height-default\" data-id=\"cff2361\" data-element_type=\"section\">\n<div class=\"elementor-container elementor-column-gap-default\">\n<div class=\"elementor-row\">\n<div class=\"elementor-column elementor-col-100 elementor-top-column elementor-element elementor-element-966161d\" data-id=\"966161d\" data-element_type=\"column\">\n<div class=\"elementor-column-wrap elementor-element-populated\">\n<div class=\"elementor-widget-wrap\">\n<div class=\"elementor-element elementor-element-7bd38c4 elementor-widget elementor-widget-text-editor\" data-id=\"7bd38c4\" data-element_type=\"widget\" data-widget_type=\"text-editor.default\">\n<div class=\"elementor-widget-container\">\n<div class=\"elementor-text-editor elementor-clearfix\">\n<p><span>Wie Lebte der Mensch doch in den vergangenen Jahrhunderten stets von Feuergefahr bedroht in den aus Holz und Holzfachwerk erbauten und Mit Stroh und Schindeln gedeckten H\u00e4usern mit offenem Kamin und offenem \u00d6l- oder Wachslicht, im Einzelhaus oder in den St\u00e4dten, wo sich in den engen Gassen Haus an Haus reihte. Ein Hausbrand, \u00fcber den man nicht Herr wurde, den man nicht lokalisieren konnte, breitete sich schnell im trockenen Holzwerk der H\u00e4user und Stroh der D\u00e4cher aus. Ein solcher Brand konnte einen ganzen Stadtteil oder gar eine ganze Stadt vernichten.<\/span><\/p>\n<\/div>\n<\/div>\n<\/div>\n<\/div>\n<\/div>\n<\/div>\n<\/div>\n<\/div>\n<\/section>\n<section class=\"elementor-section elementor-top-section elementor-element elementor-element-bf549d1 elementor-section-boxed elementor-section-height-default elementor-section-height-default\" data-id=\"bf549d1\" data-element_type=\"section\">\n<div class=\"elementor-container elementor-column-gap-default\">\n<div class=\"elementor-row\">\n<div class=\"elementor-column elementor-col-100 elementor-top-column elementor-element elementor-element-22a41ba\" data-id=\"22a41ba\" data-element_type=\"column\">\n<div class=\"elementor-column-wrap elementor-element-populated\">\n<div class=\"elementor-widget-wrap\">\n<div class=\"elementor-element elementor-element-8cceee2 elementor-widget elementor-widget-text-editor\" data-id=\"8cceee2\" data-element_type=\"widget\" data-widget_type=\"text-editor.default\">\n<div class=\"elementor-widget-container\">\n<div class=\"elementor-text-editor elementor-clearfix\">\n<p><span>Durch Br\u00e4nde vorstehender Art waren die St\u00e4dte wohl gemahnt, Vorsorge f\u00fcr eine Brandbek\u00e4mpfung zu treffen. Feuerspritzen gab es noch nicht. Auf Anordnung des Rates der Stadt mussten im Vorhaus eines jeden Hauses immer f\u00fcr den Fall der Not einige Ledereimer bereitstehen. Bai Ausbruch eines Feuers ert\u00f6nte die Brandglocke oder das Brandhorn, dann eilten alle Bewohner mit ihren Eimern dorthin und bildeten schnell eine lange Reihe vom Feuerherd zur Wasserstelle. In dieser Doppelreihe wurden dann die Eimer von Hand zu Hand weitergereicht. Das war nur eine Notbehelf bei kleineren\u00a0<span class=\"GramE\">Br\u00e4nde<\/span>. Im Notfalle halt man sich gegenseitig in den Nachbarschafen und viele freiwillige Helfer eilten herzu. Als die St\u00e4dte sp\u00e4ter gr\u00f6\u00dfer wurden, bildeten sich Feuerwehren, die zuerst mit Hand- und sp\u00e4ter auch mit Dampfspritzen, Leitern, Brandhaken und weiteren Ger\u00e4ten versehen wurden.<\/span><\/p>\n<\/div>\n<\/div>\n<\/div>\n<\/div>\n<\/div>\n<\/div>\n<\/div>\n<\/div>\n<\/section>\n<section class=\"elementor-section elementor-top-section elementor-element elementor-element-8f70c1e elementor-section-boxed elementor-section-height-default elementor-section-height-default\" data-id=\"8f70c1e\" data-element_type=\"section\">\n<div class=\"elementor-container elementor-column-gap-default\">\n<div class=\"elementor-row\">\n<div class=\"elementor-column elementor-col-100 elementor-top-column elementor-element elementor-element-b2f2ab9\" data-id=\"b2f2ab9\" data-element_type=\"column\">\n<div class=\"elementor-column-wrap elementor-element-populated\">\n<div class=\"elementor-widget-wrap\">\n<div class=\"elementor-element elementor-element-cdbac1e elementor-widget elementor-widget-text-editor\" data-id=\"cdbac1e\" data-element_type=\"widget\" data-widget_type=\"text-editor.default\">\n<div class=\"elementor-widget-container\">\n<div class=\"elementor-text-editor elementor-clearfix\">\n<p><span>So ist auf einer alten Abbildung von M\u00f6nchengladbach von 1896 die Gladbacher Dampfspritze noch zu sehen.<\/span><\/p>\n<p><span>In M\u00f6nchengladbach bildete sich eine Freiwillige Feuerwehr zu Anfang des 19. Jahrhunderts nach Abzug der Franzosen, diese wurde erst 1901 in eine Berufswehr umgewandelt. \u00c4hnlich wird es wohl in diesen Zeiten auch in Hardt gewesen sein.<\/span><\/p>\n<\/div>\n<\/div>\n<\/div>\n<\/div>\n<\/div>\n<\/div>\n<\/div>\n<\/div>\n<\/section>\n<p>[\/et_pb_text][\/et_pb_column_inner][\/et_pb_row_inner][\/et_pb_column][et_pb_column type=&#8221;1_3&#8243; _builder_version=&#8221;4.16&#8243; custom_padding=&#8221;|||&#8221; global_colors_info=&#8221;{}&#8221; custom_padding__hover=&#8221;|||&#8221;][et_pb_cta title=&#8221;Interesse an Feuerwehr?&#8221; button_url=&#8221;http:\/\/+&#8221; button_text=&#8221;Mehr&#8230;&#8221; _builder_version=&#8221;4.16&#8243; _module_preset=&#8221;default&#8221; header_font=&#8221;|700|||||||&#8221; header_line_height=&#8221;1.8em&#8221; body_font=&#8221;|600|||||||&#8221; custom_button=&#8221;on&#8221; button_text_color=&#8221;#FFFFFF&#8221; animation_style=&#8221;slide&#8221; box_shadow_style=&#8221;preset1&#8243; global_colors_info=&#8221;{}&#8221;]<\/p>\n<p>Haben Sie Interesse, sich zuk\u00fcnftig ehrenamtlich innerhalb der Freiwilligen Feuerwehr Hardt f\u00fcr die Sicherheit Ihrer Mitmenschen einzusetzen?<\/p>\n<p>Dann sind Sie bei uns genau richtig!<\/p>\n<p>[\/et_pb_cta][et_pb_cta title=&#8221;Instagram Feed&#8221; button_text=&#8221;Klicks&#8221; _builder_version=&#8221;4.16&#8243; _module_preset=&#8221;default&#8221; header_font=&#8221;|700|||||||&#8221; animation_style=&#8221;slide&#8221; global_colors_info=&#8221;{}&#8221;]<\/p>\n\n<div id=\"sb_instagram\"  class=\"sbi sbi_mob_col_1 sbi_tab_col_2 sbi_col_2\" style=\"padding-bottom: 10px; width: 100%;\"\t data-feedid=\"*1\"  data-res=\"auto\" data-cols=\"2\" data-colsmobile=\"1\" data-colstablet=\"2\" data-num=\"10\" data-nummobile=\"\" data-item-padding=\"5\"\t data-shortcode-atts=\"{}\"  data-postid=\"43\" data-locatornonce=\"4a466d25b2\" data-imageaspectratio=\"1:1\" data-sbi-flags=\"favorLocal\">\n\t<div class=\"sb_instagram_header \"   >\n\t<a class=\"sbi_header_link\" target=\"_blank\"\n\t   rel=\"nofollow noopener\" href=\"https:\/\/www.instagram.com\/ffhardt_1120\/\" title=\"@ffhardt_1120\">\n\t\t<div class=\"sbi_header_text\">\n\t\t\t<div class=\"sbi_header_img\"  data-avatar-url=\"https:\/\/scontent-lhr6-1.cdninstagram.com\/v\/t51.2885-19\/53109525_1172247306270883_1765885772369494016_n.jpg?stp=dst-jpg_s206x206_tt6&amp;_nc_cat=109&amp;ccb=7-5&amp;_nc_sid=bf7eb4&amp;efg=eyJ2ZW5jb2RlX3RhZyI6InByb2ZpbGVfcGljLnd3dy4xMDgwLkMzIn0%3D&amp;_nc_ohc=ns7kNkDbguAQ7kNvwFr70Pf&amp;_nc_oc=AdnYcTQVeJw6YH28XWqlLHt92Oz5WGAruoPNLLTWLKAzYluJ-wlMNBUUhtmfTLzAC7cUdvoKK8o0tM1uNu5YT7q1&amp;_nc_zt=24&amp;_nc_ht=scontent-lhr6-1.cdninstagram.com&amp;edm=AP4hL3IEAAAA&amp;_nc_tpa=Q5bMBQE8B0OO7R9hvVkA9KGDDEXbbjDfdTTH4nUmi5sqln6Mj7DJSx659BIOTLTozX5cGKeOYv4mzL1MMA&amp;oh=00_AfrFoxmvoCp_NT1OJuNxpbS4E4SHznE09i3WyRWYBdOkfA&amp;oe=6968ADFE\">\n\t\t\t\t\t\t\t\t\t<div class=\"sbi_header_img_hover\"  ><svg class=\"sbi_new_logo fa-instagram fa-w-14\" aria-hidden=\"true\" data-fa-processed=\"\" aria-label=\"Instagram\" data-prefix=\"fab\" data-icon=\"instagram\" role=\"img\" viewBox=\"0 0 448 512\">\n                    <path fill=\"currentColor\" d=\"M224.1 141c-63.6 0-114.9 51.3-114.9 114.9s51.3 114.9 114.9 114.9S339 319.5 339 255.9 287.7 141 224.1 141zm0 189.6c-41.1 0-74.7-33.5-74.7-74.7s33.5-74.7 74.7-74.7 74.7 33.5 74.7 74.7-33.6 74.7-74.7 74.7zm146.4-194.3c0 14.9-12 26.8-26.8 26.8-14.9 0-26.8-12-26.8-26.8s12-26.8 26.8-26.8 26.8 12 26.8 26.8zm76.1 27.2c-1.7-35.9-9.9-67.7-36.2-93.9-26.2-26.2-58-34.4-93.9-36.2-37-2.1-147.9-2.1-184.9 0-35.8 1.7-67.6 9.9-93.9 36.1s-34.4 58-36.2 93.9c-2.1 37-2.1 147.9 0 184.9 1.7 35.9 9.9 67.7 36.2 93.9s58 34.4 93.9 36.2c37 2.1 147.9 2.1 184.9 0 35.9-1.7 67.7-9.9 93.9-36.2 26.2-26.2 34.4-58 36.2-93.9 2.1-37 2.1-147.8 0-184.8zM398.8 388c-7.8 19.6-22.9 34.7-42.6 42.6-29.5 11.7-99.5 9-132.1 9s-102.7 2.6-132.1-9c-19.6-7.8-34.7-22.9-42.6-42.6-11.7-29.5-9-99.5-9-132.1s-2.6-102.7 9-132.1c7.8-19.6 22.9-34.7 42.6-42.6 29.5-11.7 99.5-9 132.1-9s102.7-2.6 132.1 9c19.6 7.8 34.7 22.9 42.6 42.6 11.7 29.5 9 99.5 9 132.1s2.7 102.7-9 132.1z\"><\/path>\n                <\/svg><\/div>\n\t\t\t\t\t<img loading=\"lazy\" decoding=\"async\"  src=\"https:\/\/fw-hardt.de\/wp-content\/uploads\/sb-instagram-feed-images\/ffhardt_1120.webp\" alt=\"\" width=\"50\" height=\"50\">\n\t\t\t\t\n\t\t\t\t\t\t\t<\/div>\n\n\t\t\t<div class=\"sbi_feedtheme_header_text\">\n\t\t\t\t<h3>ffhardt_1120<\/h3>\n\t\t\t\t\t\t\t\t\t<p class=\"sbi_bio\">Offizieller Instagram Feed der<br>\nFreiwilligen Feuerwehr Hardt.<br>\nIm Notfall 112 w\u00e4hlen!<\/p>\n\t\t\t\t\t\t\t<\/div>\n\t\t<\/div>\n\t<\/a>\n<\/div>\n\n\t<div id=\"sbi_images\"  style=\"gap: 10px;\">\n\t\t<div class=\"sbi_item sbi_type_image sbi_new sbi_transition\"\n\tid=\"sbi_18097085587892573\" data-date=\"1766240457\">\n\t<div class=\"sbi_photo_wrap\">\n\t\t<a class=\"sbi_photo\" href=\"https:\/\/www.instagram.com\/p\/DSfQj5ejJ58\/\" target=\"_blank\" rel=\"noopener nofollow\"\n\t\t\tdata-full-res=\"https:\/\/scontent-lhr6-1.cdninstagram.com\/v\/t51.82787-15\/603660839_18166665637383773_1874412853286336693_n.heic?stp=dst-jpg_e35_tt6&#038;_nc_cat=110&#038;ccb=7-5&#038;_nc_sid=18de74&#038;efg=eyJlZmdfdGFnIjoiRkVFRC5iZXN0X2ltYWdlX3VybGdlbi5DMyJ9&#038;_nc_ohc=-eSOdQpGcTgQ7kNvwEPKH4r&#038;_nc_oc=AdnZefEIfYHvHktcHLr2g2SAOCPiM8maQ4sKWeqoHbPDP28xuCwiiVAVGAE4-kbUjl0Yqpf-nhDZgZsRJ1tcvkiy&#038;_nc_zt=23&#038;_nc_ht=scontent-lhr6-1.cdninstagram.com&#038;edm=ANo9K5cEAAAA&#038;_nc_gid=tozv9QcAAtQ6CCdLI00WLQ&#038;oh=00_Afpp7ePmhNaWSlUGJdaX7Fj_RKiPAH_4fOB8TxUxmTFlrA&#038;oe=69688219\"\n\t\t\tdata-img-src-set=\"{&quot;d&quot;:&quot;https:\\\/\\\/scontent-lhr6-1.cdninstagram.com\\\/v\\\/t51.82787-15\\\/603660839_18166665637383773_1874412853286336693_n.heic?stp=dst-jpg_e35_tt6&amp;_nc_cat=110&amp;ccb=7-5&amp;_nc_sid=18de74&amp;efg=eyJlZmdfdGFnIjoiRkVFRC5iZXN0X2ltYWdlX3VybGdlbi5DMyJ9&amp;_nc_ohc=-eSOdQpGcTgQ7kNvwEPKH4r&amp;_nc_oc=AdnZefEIfYHvHktcHLr2g2SAOCPiM8maQ4sKWeqoHbPDP28xuCwiiVAVGAE4-kbUjl0Yqpf-nhDZgZsRJ1tcvkiy&amp;_nc_zt=23&amp;_nc_ht=scontent-lhr6-1.cdninstagram.com&amp;edm=ANo9K5cEAAAA&amp;_nc_gid=tozv9QcAAtQ6CCdLI00WLQ&amp;oh=00_Afpp7ePmhNaWSlUGJdaX7Fj_RKiPAH_4fOB8TxUxmTFlrA&amp;oe=69688219&quot;,&quot;150&quot;:&quot;https:\\\/\\\/scontent-lhr6-1.cdninstagram.com\\\/v\\\/t51.82787-15\\\/603660839_18166665637383773_1874412853286336693_n.heic?stp=dst-jpg_e35_tt6&amp;_nc_cat=110&amp;ccb=7-5&amp;_nc_sid=18de74&amp;efg=eyJlZmdfdGFnIjoiRkVFRC5iZXN0X2ltYWdlX3VybGdlbi5DMyJ9&amp;_nc_ohc=-eSOdQpGcTgQ7kNvwEPKH4r&amp;_nc_oc=AdnZefEIfYHvHktcHLr2g2SAOCPiM8maQ4sKWeqoHbPDP28xuCwiiVAVGAE4-kbUjl0Yqpf-nhDZgZsRJ1tcvkiy&amp;_nc_zt=23&amp;_nc_ht=scontent-lhr6-1.cdninstagram.com&amp;edm=ANo9K5cEAAAA&amp;_nc_gid=tozv9QcAAtQ6CCdLI00WLQ&amp;oh=00_Afpp7ePmhNaWSlUGJdaX7Fj_RKiPAH_4fOB8TxUxmTFlrA&amp;oe=69688219&quot;,&quot;320&quot;:&quot;https:\\\/\\\/scontent-lhr6-1.cdninstagram.com\\\/v\\\/t51.82787-15\\\/603660839_18166665637383773_1874412853286336693_n.heic?stp=dst-jpg_e35_tt6&amp;_nc_cat=110&amp;ccb=7-5&amp;_nc_sid=18de74&amp;efg=eyJlZmdfdGFnIjoiRkVFRC5iZXN0X2ltYWdlX3VybGdlbi5DMyJ9&amp;_nc_ohc=-eSOdQpGcTgQ7kNvwEPKH4r&amp;_nc_oc=AdnZefEIfYHvHktcHLr2g2SAOCPiM8maQ4sKWeqoHbPDP28xuCwiiVAVGAE4-kbUjl0Yqpf-nhDZgZsRJ1tcvkiy&amp;_nc_zt=23&amp;_nc_ht=scontent-lhr6-1.cdninstagram.com&amp;edm=ANo9K5cEAAAA&amp;_nc_gid=tozv9QcAAtQ6CCdLI00WLQ&amp;oh=00_Afpp7ePmhNaWSlUGJdaX7Fj_RKiPAH_4fOB8TxUxmTFlrA&amp;oe=69688219&quot;,&quot;640&quot;:&quot;https:\\\/\\\/scontent-lhr6-1.cdninstagram.com\\\/v\\\/t51.82787-15\\\/603660839_18166665637383773_1874412853286336693_n.heic?stp=dst-jpg_e35_tt6&amp;_nc_cat=110&amp;ccb=7-5&amp;_nc_sid=18de74&amp;efg=eyJlZmdfdGFnIjoiRkVFRC5iZXN0X2ltYWdlX3VybGdlbi5DMyJ9&amp;_nc_ohc=-eSOdQpGcTgQ7kNvwEPKH4r&amp;_nc_oc=AdnZefEIfYHvHktcHLr2g2SAOCPiM8maQ4sKWeqoHbPDP28xuCwiiVAVGAE4-kbUjl0Yqpf-nhDZgZsRJ1tcvkiy&amp;_nc_zt=23&amp;_nc_ht=scontent-lhr6-1.cdninstagram.com&amp;edm=ANo9K5cEAAAA&amp;_nc_gid=tozv9QcAAtQ6CCdLI00WLQ&amp;oh=00_Afpp7ePmhNaWSlUGJdaX7Fj_RKiPAH_4fOB8TxUxmTFlrA&amp;oe=69688219&quot;}\">\n\t\t\t<span class=\"sbi-screenreader\">\ud83c\udfce\ud83d\udd25 Die Jugendfeuerwehr Hardt hat ihre Weihnachtsfe<\/span>\n\t\t\t\t\t\t\t\t\t<img decoding=\"async\" src=\"https:\/\/fw-hardt.de\/wp-content\/plugins\/instagram-feed\/img\/placeholder.png\" alt=\"\ud83c\udfce\ud83d\udd25 Die Jugendfeuerwehr Hardt hat ihre Weihnachtsfeier dieses Jahr mit E-Kart fahren verbracht. Anschlie\u00dfend lie\u00dfen wir den Dienst bei einem gem\u00fctlichen Beisammensein im Ger\u00e4tehaus ausklingen.\n\nDamit verabschiedet sich die JF in den Winterurlaub und w\u00fcnscht allen frohe Festtage sowie einen guten Rutsch ins neue Jahr. \ud83d\udcab\ud83c\udf84\n\n\ud83d\udcc5 Der n\u00e4chste Dienst findet am 10.01.2026 statt. Interessierte Kinder und Jugendliche sind herzlich eingeladen, auch im kommenden Jahr bei der Jugendfeuerwehr vorbei zu schauen. Alle Infos gibt es auf unserer Homepage. \ud83d\ude92\u2728\" aria-hidden=\"true\">\n\t\t<\/a>\n\t<\/div>\n<\/div><div class=\"sbi_item sbi_type_video sbi_new sbi_transition\"\n\tid=\"sbi_18063286610185468\" data-date=\"1764447331\">\n\t<div class=\"sbi_photo_wrap\">\n\t\t<a class=\"sbi_photo\" href=\"https:\/\/www.instagram.com\/reel\/DRpzQ11jDAz\/\" target=\"_blank\" rel=\"noopener nofollow\"\n\t\t\tdata-full-res=\"https:\/\/scontent-lhr6-1.cdninstagram.com\/v\/t51.71878-15\/587304318_1257789979725634_6847828037983944837_n.jpg?stp=dst-jpg_e35_tt6&#038;_nc_cat=102&#038;ccb=7-5&#038;_nc_sid=18de74&#038;efg=eyJlZmdfdGFnIjoiQ0xJUFMuYmVzdF9pbWFnZV91cmxnZW4uQzMifQ%3D%3D&#038;_nc_ohc=q-SXmvdNPI4Q7kNvwHDF8XT&#038;_nc_oc=Adnmw6ca5_naH0_7kg4q84w7V6bWocCN681XRmOZjyLqkXji5V6d72AzswUeqGdtfw4k0C7P2Xbh2Rmlo64JoZ0t&#038;_nc_zt=23&#038;_nc_ht=scontent-lhr6-1.cdninstagram.com&#038;edm=ANo9K5cEAAAA&#038;_nc_gid=tozv9QcAAtQ6CCdLI00WLQ&#038;oh=00_Afpi59YhJqQxdoISQGmkCX5pXNo5SSaGFjHQoE3VWZrZ5g&#038;oe=69688609\"\n\t\t\tdata-img-src-set=\"{&quot;d&quot;:&quot;https:\\\/\\\/scontent-lhr6-1.cdninstagram.com\\\/v\\\/t51.71878-15\\\/587304318_1257789979725634_6847828037983944837_n.jpg?stp=dst-jpg_e35_tt6&amp;_nc_cat=102&amp;ccb=7-5&amp;_nc_sid=18de74&amp;efg=eyJlZmdfdGFnIjoiQ0xJUFMuYmVzdF9pbWFnZV91cmxnZW4uQzMifQ%3D%3D&amp;_nc_ohc=q-SXmvdNPI4Q7kNvwHDF8XT&amp;_nc_oc=Adnmw6ca5_naH0_7kg4q84w7V6bWocCN681XRmOZjyLqkXji5V6d72AzswUeqGdtfw4k0C7P2Xbh2Rmlo64JoZ0t&amp;_nc_zt=23&amp;_nc_ht=scontent-lhr6-1.cdninstagram.com&amp;edm=ANo9K5cEAAAA&amp;_nc_gid=tozv9QcAAtQ6CCdLI00WLQ&amp;oh=00_Afpi59YhJqQxdoISQGmkCX5pXNo5SSaGFjHQoE3VWZrZ5g&amp;oe=69688609&quot;,&quot;150&quot;:&quot;https:\\\/\\\/scontent-lhr6-1.cdninstagram.com\\\/v\\\/t51.71878-15\\\/587304318_1257789979725634_6847828037983944837_n.jpg?stp=dst-jpg_e35_tt6&amp;_nc_cat=102&amp;ccb=7-5&amp;_nc_sid=18de74&amp;efg=eyJlZmdfdGFnIjoiQ0xJUFMuYmVzdF9pbWFnZV91cmxnZW4uQzMifQ%3D%3D&amp;_nc_ohc=q-SXmvdNPI4Q7kNvwHDF8XT&amp;_nc_oc=Adnmw6ca5_naH0_7kg4q84w7V6bWocCN681XRmOZjyLqkXji5V6d72AzswUeqGdtfw4k0C7P2Xbh2Rmlo64JoZ0t&amp;_nc_zt=23&amp;_nc_ht=scontent-lhr6-1.cdninstagram.com&amp;edm=ANo9K5cEAAAA&amp;_nc_gid=tozv9QcAAtQ6CCdLI00WLQ&amp;oh=00_Afpi59YhJqQxdoISQGmkCX5pXNo5SSaGFjHQoE3VWZrZ5g&amp;oe=69688609&quot;,&quot;320&quot;:&quot;https:\\\/\\\/scontent-lhr6-1.cdninstagram.com\\\/v\\\/t51.71878-15\\\/587304318_1257789979725634_6847828037983944837_n.jpg?stp=dst-jpg_e35_tt6&amp;_nc_cat=102&amp;ccb=7-5&amp;_nc_sid=18de74&amp;efg=eyJlZmdfdGFnIjoiQ0xJUFMuYmVzdF9pbWFnZV91cmxnZW4uQzMifQ%3D%3D&amp;_nc_ohc=q-SXmvdNPI4Q7kNvwHDF8XT&amp;_nc_oc=Adnmw6ca5_naH0_7kg4q84w7V6bWocCN681XRmOZjyLqkXji5V6d72AzswUeqGdtfw4k0C7P2Xbh2Rmlo64JoZ0t&amp;_nc_zt=23&amp;_nc_ht=scontent-lhr6-1.cdninstagram.com&amp;edm=ANo9K5cEAAAA&amp;_nc_gid=tozv9QcAAtQ6CCdLI00WLQ&amp;oh=00_Afpi59YhJqQxdoISQGmkCX5pXNo5SSaGFjHQoE3VWZrZ5g&amp;oe=69688609&quot;,&quot;640&quot;:&quot;https:\\\/\\\/scontent-lhr6-1.cdninstagram.com\\\/v\\\/t51.71878-15\\\/587304318_1257789979725634_6847828037983944837_n.jpg?stp=dst-jpg_e35_tt6&amp;_nc_cat=102&amp;ccb=7-5&amp;_nc_sid=18de74&amp;efg=eyJlZmdfdGFnIjoiQ0xJUFMuYmVzdF9pbWFnZV91cmxnZW4uQzMifQ%3D%3D&amp;_nc_ohc=q-SXmvdNPI4Q7kNvwHDF8XT&amp;_nc_oc=Adnmw6ca5_naH0_7kg4q84w7V6bWocCN681XRmOZjyLqkXji5V6d72AzswUeqGdtfw4k0C7P2Xbh2Rmlo64JoZ0t&amp;_nc_zt=23&amp;_nc_ht=scontent-lhr6-1.cdninstagram.com&amp;edm=ANo9K5cEAAAA&amp;_nc_gid=tozv9QcAAtQ6CCdLI00WLQ&amp;oh=00_Afpi59YhJqQxdoISQGmkCX5pXNo5SSaGFjHQoE3VWZrZ5g&amp;oe=69688609&quot;}\">\n\t\t\t<span class=\"sbi-screenreader\">\u2728 Gl\u00fchweinabend am 06.12.2025 ab 18 Uhr\u2728\n\nAm 6. De<\/span>\n\t\t\t\t\t\t<svg style=\"color: rgba(255,255,255,1)\" class=\"svg-inline--fa fa-play fa-w-14 sbi_playbtn\" aria-label=\"Play\" aria-hidden=\"true\" data-fa-processed=\"\" data-prefix=\"fa\" data-icon=\"play\" role=\"presentation\" xmlns=\"http:\/\/www.w3.org\/2000\/svg\" viewBox=\"0 0 448 512\"><path fill=\"currentColor\" d=\"M424.4 214.7L72.4 6.6C43.8-10.3 0 6.1 0 47.9V464c0 37.5 40.7 60.1 72.4 41.3l352-208c31.4-18.5 31.5-64.1 0-82.6z\"><\/path><\/svg>\t\t\t<img decoding=\"async\" src=\"https:\/\/fw-hardt.de\/wp-content\/plugins\/instagram-feed\/img\/placeholder.png\" alt=\"\u2728 Gl\u00fchweinabend am 06.12.2025 ab 18 Uhr\u2728\n\nAm 6. Dezember laden wir euch herzlich zu unserem gem\u00fctlichen Gl\u00fchweinabend ein!\n\nFreut euch auf winterliche Stimmung, warme Getr\u00e4nke und nette Gespr\u00e4che - der perfekte Start in die Adventszeit.\n\nEin gro\u00dfes Dankesch\u00f6n geht an unsere Unterst\u00fctzer:\n\n@orient_doner_hardt\n@markant_optik_meusers\n@orients_barbershop_\n@wilhelm_kliewer_haus\n\n\ud83d\uddd3 06.12.2025\n\ud83d\udd55 18 Uhr\n\ud83d\udccd Hardter Landstr. 112, 41169 MG\n\nKommt vorbei und genie\u00dft mit uns einen stimmungsvollen Abend! \ud83c\udf84\ud83c\udf77\n\n#Gl\u00fchweinabend #Adventszeit #Winterzauber\n#Gemeinschaft #FeuerwehrMG #FFHardt\n#Weihnachten #Zusammen\" aria-hidden=\"true\">\n\t\t<\/a>\n\t<\/div>\n<\/div><div class=\"sbi_item sbi_type_carousel sbi_new sbi_transition\"\n\tid=\"sbi_18066767498580119\" data-date=\"1763292003\">\n\t<div class=\"sbi_photo_wrap\">\n\t\t<a class=\"sbi_photo\" href=\"https:\/\/www.instagram.com\/p\/DRHY1MfDLGJ\/\" target=\"_blank\" rel=\"noopener nofollow\"\n\t\t\tdata-full-res=\"https:\/\/scontent-lhr6-1.cdninstagram.com\/v\/t51.82787-15\/581614198_18163537384383773_7642327131614628256_n.jpg?stp=dst-jpg_e35_tt6&#038;_nc_cat=102&#038;ccb=7-5&#038;_nc_sid=18de74&#038;efg=eyJlZmdfdGFnIjoiQ0FST1VTRUxfSVRFTS5iZXN0X2ltYWdlX3VybGdlbi5DMyJ9&#038;_nc_ohc=AcuiCoQI-x8Q7kNvwF3G2FP&#038;_nc_oc=Adnjc6euPggHnVkcLeJqTMuHNNoTjn0l-PwV7aJ1UzkLlM2LHIILiHDgP1DRxG5g4H8w3KeyT1-abqQ5I4uar4L0&#038;_nc_zt=23&#038;_nc_ht=scontent-lhr6-1.cdninstagram.com&#038;edm=ANo9K5cEAAAA&#038;_nc_gid=tozv9QcAAtQ6CCdLI00WLQ&#038;oh=00_Afo8AtZHNBz8i7UfdLdIDES2m-iBg51fd9kBQIdzIksi0Q&#038;oe=6968A217\"\n\t\t\tdata-img-src-set=\"{&quot;d&quot;:&quot;https:\\\/\\\/scontent-lhr6-1.cdninstagram.com\\\/v\\\/t51.82787-15\\\/581614198_18163537384383773_7642327131614628256_n.jpg?stp=dst-jpg_e35_tt6&amp;_nc_cat=102&amp;ccb=7-5&amp;_nc_sid=18de74&amp;efg=eyJlZmdfdGFnIjoiQ0FST1VTRUxfSVRFTS5iZXN0X2ltYWdlX3VybGdlbi5DMyJ9&amp;_nc_ohc=AcuiCoQI-x8Q7kNvwF3G2FP&amp;_nc_oc=Adnjc6euPggHnVkcLeJqTMuHNNoTjn0l-PwV7aJ1UzkLlM2LHIILiHDgP1DRxG5g4H8w3KeyT1-abqQ5I4uar4L0&amp;_nc_zt=23&amp;_nc_ht=scontent-lhr6-1.cdninstagram.com&amp;edm=ANo9K5cEAAAA&amp;_nc_gid=tozv9QcAAtQ6CCdLI00WLQ&amp;oh=00_Afo8AtZHNBz8i7UfdLdIDES2m-iBg51fd9kBQIdzIksi0Q&amp;oe=6968A217&quot;,&quot;150&quot;:&quot;https:\\\/\\\/scontent-lhr6-1.cdninstagram.com\\\/v\\\/t51.82787-15\\\/581614198_18163537384383773_7642327131614628256_n.jpg?stp=dst-jpg_e35_tt6&amp;_nc_cat=102&amp;ccb=7-5&amp;_nc_sid=18de74&amp;efg=eyJlZmdfdGFnIjoiQ0FST1VTRUxfSVRFTS5iZXN0X2ltYWdlX3VybGdlbi5DMyJ9&amp;_nc_ohc=AcuiCoQI-x8Q7kNvwF3G2FP&amp;_nc_oc=Adnjc6euPggHnVkcLeJqTMuHNNoTjn0l-PwV7aJ1UzkLlM2LHIILiHDgP1DRxG5g4H8w3KeyT1-abqQ5I4uar4L0&amp;_nc_zt=23&amp;_nc_ht=scontent-lhr6-1.cdninstagram.com&amp;edm=ANo9K5cEAAAA&amp;_nc_gid=tozv9QcAAtQ6CCdLI00WLQ&amp;oh=00_Afo8AtZHNBz8i7UfdLdIDES2m-iBg51fd9kBQIdzIksi0Q&amp;oe=6968A217&quot;,&quot;320&quot;:&quot;https:\\\/\\\/scontent-lhr6-1.cdninstagram.com\\\/v\\\/t51.82787-15\\\/581614198_18163537384383773_7642327131614628256_n.jpg?stp=dst-jpg_e35_tt6&amp;_nc_cat=102&amp;ccb=7-5&amp;_nc_sid=18de74&amp;efg=eyJlZmdfdGFnIjoiQ0FST1VTRUxfSVRFTS5iZXN0X2ltYWdlX3VybGdlbi5DMyJ9&amp;_nc_ohc=AcuiCoQI-x8Q7kNvwF3G2FP&amp;_nc_oc=Adnjc6euPggHnVkcLeJqTMuHNNoTjn0l-PwV7aJ1UzkLlM2LHIILiHDgP1DRxG5g4H8w3KeyT1-abqQ5I4uar4L0&amp;_nc_zt=23&amp;_nc_ht=scontent-lhr6-1.cdninstagram.com&amp;edm=ANo9K5cEAAAA&amp;_nc_gid=tozv9QcAAtQ6CCdLI00WLQ&amp;oh=00_Afo8AtZHNBz8i7UfdLdIDES2m-iBg51fd9kBQIdzIksi0Q&amp;oe=6968A217&quot;,&quot;640&quot;:&quot;https:\\\/\\\/scontent-lhr6-1.cdninstagram.com\\\/v\\\/t51.82787-15\\\/581614198_18163537384383773_7642327131614628256_n.jpg?stp=dst-jpg_e35_tt6&amp;_nc_cat=102&amp;ccb=7-5&amp;_nc_sid=18de74&amp;efg=eyJlZmdfdGFnIjoiQ0FST1VTRUxfSVRFTS5iZXN0X2ltYWdlX3VybGdlbi5DMyJ9&amp;_nc_ohc=AcuiCoQI-x8Q7kNvwF3G2FP&amp;_nc_oc=Adnjc6euPggHnVkcLeJqTMuHNNoTjn0l-PwV7aJ1UzkLlM2LHIILiHDgP1DRxG5g4H8w3KeyT1-abqQ5I4uar4L0&amp;_nc_zt=23&amp;_nc_ht=scontent-lhr6-1.cdninstagram.com&amp;edm=ANo9K5cEAAAA&amp;_nc_gid=tozv9QcAAtQ6CCdLI00WLQ&amp;oh=00_Afo8AtZHNBz8i7UfdLdIDES2m-iBg51fd9kBQIdzIksi0Q&amp;oe=6968A217&quot;}\">\n\t\t\t<span class=\"sbi-screenreader\">Am vergangenen Freitag waren wir beim Martinsumzug<\/span>\n\t\t\t<svg class=\"svg-inline--fa fa-clone fa-w-16 sbi_lightbox_carousel_icon\" aria-hidden=\"true\" aria-label=\"Clone\" data-fa-pro\u0192cessed=\"\" data-prefix=\"far\" data-icon=\"clone\" role=\"img\" xmlns=\"http:\/\/www.w3.org\/2000\/svg\" viewBox=\"0 0 512 512\">\n                    <path fill=\"currentColor\" d=\"M464 0H144c-26.51 0-48 21.49-48 48v48H48c-26.51 0-48 21.49-48 48v320c0 26.51 21.49 48 48 48h320c26.51 0 48-21.49 48-48v-48h48c26.51 0 48-21.49 48-48V48c0-26.51-21.49-48-48-48zM362 464H54a6 6 0 0 1-6-6V150a6 6 0 0 1 6-6h42v224c0 26.51 21.49 48 48 48h224v42a6 6 0 0 1-6 6zm96-96H150a6 6 0 0 1-6-6V54a6 6 0 0 1 6-6h308a6 6 0 0 1 6 6v308a6 6 0 0 1-6 6z\"><\/path>\n                <\/svg>\t\t\t\t\t\t<img decoding=\"async\" src=\"https:\/\/fw-hardt.de\/wp-content\/plugins\/instagram-feed\/img\/placeholder.png\" alt=\"Am vergangenen Freitag waren wir beim Martinsumzug in Hardt unterwegs. Die FF Hardt war wie jedes Jahr unterst\u00fctzend vor Ort, hat den Zug begleitet und das Martinsfeuer abgesichert.\n\nIm Anschluss ging es direkt weiter zu unserem traditionellen Kameradschaftsabend. Dort wurden Bef\u00f6rderungen ausgesprochen und wichtige Funktionen neu besetzt.\n\nMark wurde zum neuen stellvertretenden Einheitsf\u00fchrer bestellt und \u00fcbernimmt die Aufgabe von Bj\u00f6rn. Vielen Dank an Bj\u00f6rn f\u00fcr sein langj\u00e4hriges Engagement in dieser Funktion. Mark w\u00fcnschen wir viel Erfolg f\u00fcr die kommenden Aufgaben.\n\nAu\u00dferdem freuen wir uns \u00fcber folgende Bef\u00f6rderungen:\n\n\u2022 Guido zum Stadtbrandinspektor (StBI)\n\u2022 Nils R. zum Brandoberinspektor (BOI)\n\u2022 Bj\u00f6rn zum Oberbrandmeister (OBM)\n\u2022 Kevin T. zum Oberfeuerwehrmann (OFM)\n\u2022 Lennard zum Oberfeuerwehrmann (OFM)\n\u2022 Nils P. zum Oberfeuerwehrmann (OFM)\n\nGuido hat mit dem Stadtbrandinspektor den h\u00f6chsten Dienstgrad erreicht, den man in der Freiwilligen Feuerwehr NRW erlangen kann.\n\nAllen Bef\u00f6rderten danken wir f\u00fcr Ihr herausragendes Engagement und gratulieren herzlich zur Bef\u00f6rderung!\n\nNach dem offiziellen Teil der Bef\u00f6rderungen hat uns der Martinsverein besucht. Gemeinsam wurden in alter Tradition noch einige Lieder angestimmt, bevor der Abend in einer angenehmen und kameradschaftlichen Atmosph\u00e4re ausklang.\nEin insgesamt sehr gelungener Abend mit starkem Teamgeist, guten Gespr\u00e4chen und einer rundum positiven Stimmung. Vielen Dank an alle, die dazu beigetragen haben.\n\n#FFHardt #Martinszug #Martinsfeuer #M\u00f6nchengladbach #Feuerwehr #Kameradschaft #Bef\u00f6rderungen #Ehrenamt #Hardt #stmartin2025\" aria-hidden=\"true\">\n\t\t<\/a>\n\t<\/div>\n<\/div><div class=\"sbi_item sbi_type_video sbi_new sbi_transition\"\n\tid=\"sbi_17877203118332639\" data-date=\"1761604109\">\n\t<div class=\"sbi_photo_wrap\">\n\t\t<a class=\"sbi_photo\" href=\"https:\/\/www.instagram.com\/reel\/DQVFWVYjE-3\/\" target=\"_blank\" rel=\"noopener nofollow\"\n\t\t\tdata-full-res=\"https:\/\/scontent-lhr6-2.cdninstagram.com\/v\/t51.71878-15\/570222929_1459750428466364_500840026091195783_n.jpg?stp=dst-jpg_e35_tt6&#038;_nc_cat=100&#038;ccb=7-5&#038;_nc_sid=18de74&#038;efg=eyJlZmdfdGFnIjoiQ0xJUFMuYmVzdF9pbWFnZV91cmxnZW4uQzMifQ%3D%3D&#038;_nc_ohc=nyjN7jLAU6kQ7kNvwETai4Q&#038;_nc_oc=Adnv2uzZAll4aYuIee8C8TBhtVfQYT-zxfHDhLMBDFmeX3_FTx0LUkXvt0CiQXhTUTHWzh6_XZs111rpUgii05b2&#038;_nc_zt=23&#038;_nc_ht=scontent-lhr6-2.cdninstagram.com&#038;edm=ANo9K5cEAAAA&#038;_nc_gid=tozv9QcAAtQ6CCdLI00WLQ&#038;oh=00_AfrJY6jjC5DWsOhNcTE7bY4Uga2EhDLU7fqkhlKI1i2jlA&#038;oe=69689438\"\n\t\t\tdata-img-src-set=\"{&quot;d&quot;:&quot;https:\\\/\\\/scontent-lhr6-2.cdninstagram.com\\\/v\\\/t51.71878-15\\\/570222929_1459750428466364_500840026091195783_n.jpg?stp=dst-jpg_e35_tt6&amp;_nc_cat=100&amp;ccb=7-5&amp;_nc_sid=18de74&amp;efg=eyJlZmdfdGFnIjoiQ0xJUFMuYmVzdF9pbWFnZV91cmxnZW4uQzMifQ%3D%3D&amp;_nc_ohc=nyjN7jLAU6kQ7kNvwETai4Q&amp;_nc_oc=Adnv2uzZAll4aYuIee8C8TBhtVfQYT-zxfHDhLMBDFmeX3_FTx0LUkXvt0CiQXhTUTHWzh6_XZs111rpUgii05b2&amp;_nc_zt=23&amp;_nc_ht=scontent-lhr6-2.cdninstagram.com&amp;edm=ANo9K5cEAAAA&amp;_nc_gid=tozv9QcAAtQ6CCdLI00WLQ&amp;oh=00_AfrJY6jjC5DWsOhNcTE7bY4Uga2EhDLU7fqkhlKI1i2jlA&amp;oe=69689438&quot;,&quot;150&quot;:&quot;https:\\\/\\\/scontent-lhr6-2.cdninstagram.com\\\/v\\\/t51.71878-15\\\/570222929_1459750428466364_500840026091195783_n.jpg?stp=dst-jpg_e35_tt6&amp;_nc_cat=100&amp;ccb=7-5&amp;_nc_sid=18de74&amp;efg=eyJlZmdfdGFnIjoiQ0xJUFMuYmVzdF9pbWFnZV91cmxnZW4uQzMifQ%3D%3D&amp;_nc_ohc=nyjN7jLAU6kQ7kNvwETai4Q&amp;_nc_oc=Adnv2uzZAll4aYuIee8C8TBhtVfQYT-zxfHDhLMBDFmeX3_FTx0LUkXvt0CiQXhTUTHWzh6_XZs111rpUgii05b2&amp;_nc_zt=23&amp;_nc_ht=scontent-lhr6-2.cdninstagram.com&amp;edm=ANo9K5cEAAAA&amp;_nc_gid=tozv9QcAAtQ6CCdLI00WLQ&amp;oh=00_AfrJY6jjC5DWsOhNcTE7bY4Uga2EhDLU7fqkhlKI1i2jlA&amp;oe=69689438&quot;,&quot;320&quot;:&quot;https:\\\/\\\/scontent-lhr6-2.cdninstagram.com\\\/v\\\/t51.71878-15\\\/570222929_1459750428466364_500840026091195783_n.jpg?stp=dst-jpg_e35_tt6&amp;_nc_cat=100&amp;ccb=7-5&amp;_nc_sid=18de74&amp;efg=eyJlZmdfdGFnIjoiQ0xJUFMuYmVzdF9pbWFnZV91cmxnZW4uQzMifQ%3D%3D&amp;_nc_ohc=nyjN7jLAU6kQ7kNvwETai4Q&amp;_nc_oc=Adnv2uzZAll4aYuIee8C8TBhtVfQYT-zxfHDhLMBDFmeX3_FTx0LUkXvt0CiQXhTUTHWzh6_XZs111rpUgii05b2&amp;_nc_zt=23&amp;_nc_ht=scontent-lhr6-2.cdninstagram.com&amp;edm=ANo9K5cEAAAA&amp;_nc_gid=tozv9QcAAtQ6CCdLI00WLQ&amp;oh=00_AfrJY6jjC5DWsOhNcTE7bY4Uga2EhDLU7fqkhlKI1i2jlA&amp;oe=69689438&quot;,&quot;640&quot;:&quot;https:\\\/\\\/scontent-lhr6-2.cdninstagram.com\\\/v\\\/t51.71878-15\\\/570222929_1459750428466364_500840026091195783_n.jpg?stp=dst-jpg_e35_tt6&amp;_nc_cat=100&amp;ccb=7-5&amp;_nc_sid=18de74&amp;efg=eyJlZmdfdGFnIjoiQ0xJUFMuYmVzdF9pbWFnZV91cmxnZW4uQzMifQ%3D%3D&amp;_nc_ohc=nyjN7jLAU6kQ7kNvwETai4Q&amp;_nc_oc=Adnv2uzZAll4aYuIee8C8TBhtVfQYT-zxfHDhLMBDFmeX3_FTx0LUkXvt0CiQXhTUTHWzh6_XZs111rpUgii05b2&amp;_nc_zt=23&amp;_nc_ht=scontent-lhr6-2.cdninstagram.com&amp;edm=ANo9K5cEAAAA&amp;_nc_gid=tozv9QcAAtQ6CCdLI00WLQ&amp;oh=00_AfrJY6jjC5DWsOhNcTE7bY4Uga2EhDLU7fqkhlKI1i2jlA&amp;oe=69689438&quot;}\">\n\t\t\t<span class=\"sbi-screenreader\">Wir bedanken uns herzlich bei der @ffstadtmitte_11<\/span>\n\t\t\t\t\t\t<svg style=\"color: rgba(255,255,255,1)\" class=\"svg-inline--fa fa-play fa-w-14 sbi_playbtn\" aria-label=\"Play\" aria-hidden=\"true\" data-fa-processed=\"\" data-prefix=\"fa\" data-icon=\"play\" role=\"presentation\" xmlns=\"http:\/\/www.w3.org\/2000\/svg\" viewBox=\"0 0 448 512\"><path fill=\"currentColor\" d=\"M424.4 214.7L72.4 6.6C43.8-10.3 0 6.1 0 47.9V464c0 37.5 40.7 60.1 72.4 41.3l352-208c31.4-18.5 31.5-64.1 0-82.6z\"><\/path><\/svg>\t\t\t<img decoding=\"async\" src=\"https:\/\/fw-hardt.de\/wp-content\/plugins\/instagram-feed\/img\/placeholder.png\" alt=\"Wir bedanken uns herzlich bei der @ffstadtmitte_1130 f\u00fcr die Nominierung zur Baumpflanz-Challenge 2025! \ud83c\udf33\n\nUnser Baum steht nun fest verwurzelt in der Erde und wir reichen die Schaufel weiter an:\n\n\ud83d\udc49 @josefshaus_mg,\n\ud83d\udc49 ff20_tkz und\n\ud83d\udc49 @ffbroich_1211\n\nIhr habt jetzt 72 Stunden Zeit, euren Baum zu pflanzen!\n\nSollte das nicht klappen, w\u00fcrden wir uns \u00fcber eine Einladung zum Grillabend feuen! \ud83d\udd25\ud83c\udf2d\n\n#BaumpflanzChallenge #GemeinsamStark #WerNichtPflanztDerGrillt #ChallengeAccepted #Feuerwehr #FFHardt #ZusammenWachsen\" aria-hidden=\"true\">\n\t\t<\/a>\n\t<\/div>\n<\/div><div class=\"sbi_item sbi_type_image sbi_new sbi_transition\"\n\tid=\"sbi_17997351230818317\" data-date=\"1758050989\">\n\t<div class=\"sbi_photo_wrap\">\n\t\t<a class=\"sbi_photo\" href=\"https:\/\/www.instagram.com\/p\/DOrMY38jEui\/\" target=\"_blank\" rel=\"noopener nofollow\"\n\t\t\tdata-full-res=\"https:\/\/scontent-lhr8-1.cdninstagram.com\/v\/t51.82787-15\/550364702_18155357893383773_6717564135452815551_n.heic?stp=dst-jpg_e35_tt6&#038;_nc_cat=108&#038;ccb=7-5&#038;_nc_sid=18de74&#038;efg=eyJlZmdfdGFnIjoiRkVFRC5iZXN0X2ltYWdlX3VybGdlbi5DMyJ9&#038;_nc_ohc=KZ2DuGW7DVAQ7kNvwFgtg4u&#038;_nc_oc=Adl0wp3ZDuvOejSSvh5NDU7c6e7DX6x9u5AIUJPM1l8ucz407GRQT5IE9Hj5r18zgZAWtCpuw_KH8txE8UAFPsnJ&#038;_nc_zt=23&#038;_nc_ht=scontent-lhr8-1.cdninstagram.com&#038;edm=ANo9K5cEAAAA&#038;_nc_gid=tozv9QcAAtQ6CCdLI00WLQ&#038;oh=00_AfpPT3-fOFDdDb01LXJtvzP-IcfTDeB04XHGLrAlT3p1iQ&#038;oe=6968883C\"\n\t\t\tdata-img-src-set=\"{&quot;d&quot;:&quot;https:\\\/\\\/scontent-lhr8-1.cdninstagram.com\\\/v\\\/t51.82787-15\\\/550364702_18155357893383773_6717564135452815551_n.heic?stp=dst-jpg_e35_tt6&amp;_nc_cat=108&amp;ccb=7-5&amp;_nc_sid=18de74&amp;efg=eyJlZmdfdGFnIjoiRkVFRC5iZXN0X2ltYWdlX3VybGdlbi5DMyJ9&amp;_nc_ohc=KZ2DuGW7DVAQ7kNvwFgtg4u&amp;_nc_oc=Adl0wp3ZDuvOejSSvh5NDU7c6e7DX6x9u5AIUJPM1l8ucz407GRQT5IE9Hj5r18zgZAWtCpuw_KH8txE8UAFPsnJ&amp;_nc_zt=23&amp;_nc_ht=scontent-lhr8-1.cdninstagram.com&amp;edm=ANo9K5cEAAAA&amp;_nc_gid=tozv9QcAAtQ6CCdLI00WLQ&amp;oh=00_AfpPT3-fOFDdDb01LXJtvzP-IcfTDeB04XHGLrAlT3p1iQ&amp;oe=6968883C&quot;,&quot;150&quot;:&quot;https:\\\/\\\/scontent-lhr8-1.cdninstagram.com\\\/v\\\/t51.82787-15\\\/550364702_18155357893383773_6717564135452815551_n.heic?stp=dst-jpg_e35_tt6&amp;_nc_cat=108&amp;ccb=7-5&amp;_nc_sid=18de74&amp;efg=eyJlZmdfdGFnIjoiRkVFRC5iZXN0X2ltYWdlX3VybGdlbi5DMyJ9&amp;_nc_ohc=KZ2DuGW7DVAQ7kNvwFgtg4u&amp;_nc_oc=Adl0wp3ZDuvOejSSvh5NDU7c6e7DX6x9u5AIUJPM1l8ucz407GRQT5IE9Hj5r18zgZAWtCpuw_KH8txE8UAFPsnJ&amp;_nc_zt=23&amp;_nc_ht=scontent-lhr8-1.cdninstagram.com&amp;edm=ANo9K5cEAAAA&amp;_nc_gid=tozv9QcAAtQ6CCdLI00WLQ&amp;oh=00_AfpPT3-fOFDdDb01LXJtvzP-IcfTDeB04XHGLrAlT3p1iQ&amp;oe=6968883C&quot;,&quot;320&quot;:&quot;https:\\\/\\\/scontent-lhr8-1.cdninstagram.com\\\/v\\\/t51.82787-15\\\/550364702_18155357893383773_6717564135452815551_n.heic?stp=dst-jpg_e35_tt6&amp;_nc_cat=108&amp;ccb=7-5&amp;_nc_sid=18de74&amp;efg=eyJlZmdfdGFnIjoiRkVFRC5iZXN0X2ltYWdlX3VybGdlbi5DMyJ9&amp;_nc_ohc=KZ2DuGW7DVAQ7kNvwFgtg4u&amp;_nc_oc=Adl0wp3ZDuvOejSSvh5NDU7c6e7DX6x9u5AIUJPM1l8ucz407GRQT5IE9Hj5r18zgZAWtCpuw_KH8txE8UAFPsnJ&amp;_nc_zt=23&amp;_nc_ht=scontent-lhr8-1.cdninstagram.com&amp;edm=ANo9K5cEAAAA&amp;_nc_gid=tozv9QcAAtQ6CCdLI00WLQ&amp;oh=00_AfpPT3-fOFDdDb01LXJtvzP-IcfTDeB04XHGLrAlT3p1iQ&amp;oe=6968883C&quot;,&quot;640&quot;:&quot;https:\\\/\\\/scontent-lhr8-1.cdninstagram.com\\\/v\\\/t51.82787-15\\\/550364702_18155357893383773_6717564135452815551_n.heic?stp=dst-jpg_e35_tt6&amp;_nc_cat=108&amp;ccb=7-5&amp;_nc_sid=18de74&amp;efg=eyJlZmdfdGFnIjoiRkVFRC5iZXN0X2ltYWdlX3VybGdlbi5DMyJ9&amp;_nc_ohc=KZ2DuGW7DVAQ7kNvwFgtg4u&amp;_nc_oc=Adl0wp3ZDuvOejSSvh5NDU7c6e7DX6x9u5AIUJPM1l8ucz407GRQT5IE9Hj5r18zgZAWtCpuw_KH8txE8UAFPsnJ&amp;_nc_zt=23&amp;_nc_ht=scontent-lhr8-1.cdninstagram.com&amp;edm=ANo9K5cEAAAA&amp;_nc_gid=tozv9QcAAtQ6CCdLI00WLQ&amp;oh=00_AfpPT3-fOFDdDb01LXJtvzP-IcfTDeB04XHGLrAlT3p1iQ&amp;oe=6968883C&quot;}\">\n\t\t\t<span class=\"sbi-screenreader\">\ud83d\ude92\ud83d\udd25 Tag der Jugendfeuerwehr in M\u00f6nchengladbach \ud83d\udd25\ud83d\ude92\n\n<\/span>\n\t\t\t\t\t\t\t\t\t<img decoding=\"async\" src=\"https:\/\/fw-hardt.de\/wp-content\/plugins\/instagram-feed\/img\/placeholder.png\" alt=\"\ud83d\ude92\ud83d\udd25 Tag der Jugendfeuerwehr in M\u00f6nchengladbach \ud83d\udd25\ud83d\ude92\n\nAm vergangenen Wochenende trafen sich die Jugendfeuerwehren unserer Stadt in der Jugendherberge im Hardter Wald. Neben gemeinsamen Aktivit\u00e4ten zur St\u00e4rkung des Teamgeists stand die Abnahme der Jugendflamme 1 bis 3 auf dem Programm. Die Jugendflamme ist ein bundesweit einheitlicher Ausbildungsnachweis, der die praktischen und theoretischen Kenntnisse unserer Nachwuchsfeuerwehrleute dokumentiert. \ud83d\udc69\u200d\ud83d\ude92\ud83d\udc68\u200d\ud83d\ude92\n\nUnterst\u00fctzt wurden wir dabei von abnahmeberechtigten Kameradinnen und Kameraden aus den angrenzenden St\u00e4dten und Kreisen. Zahlreiche Jugendliche konnten ihre Auszeichnung erfolgreich entgegennehmen.\n\nAuch Oberb\u00fcrgermeister Felix Heinrichs schaute vorbei und sprach den Jugendlichen seine Anerkennung f\u00fcr ihr Engagement aus.\n\nEs war ein gelungenes Wochenende, das eindrucksvoll gezeigt hat, wie wertvoll Gemeinschaft und Nachwuchsarbeit in der Feuerwehr sind. \ud83d\udcaa\ud83d\udd25\n\n#Jugendfeuerwehr #M\u00f6nchengladbach #Feuerwehr #Jugendflamme #Gemeinschaft\" aria-hidden=\"true\">\n\t\t<\/a>\n\t<\/div>\n<\/div><div class=\"sbi_item sbi_type_image sbi_new sbi_transition\"\n\tid=\"sbi_18513695035030462\" data-date=\"1757166805\">\n\t<div class=\"sbi_photo_wrap\">\n\t\t<a class=\"sbi_photo\" href=\"https:\/\/www.instagram.com\/p\/DOQ18UwjIWv\/\" target=\"_blank\" rel=\"noopener nofollow\"\n\t\t\tdata-full-res=\"https:\/\/scontent-lhr6-1.cdninstagram.com\/v\/t51.82787-15\/543830407_18154401526383773_172793094593588893_n.jpg?stp=dst-jpg_e35_tt6&#038;_nc_cat=109&#038;ccb=7-5&#038;_nc_sid=18de74&#038;efg=eyJlZmdfdGFnIjoiRkVFRC5iZXN0X2ltYWdlX3VybGdlbi5DMyJ9&#038;_nc_ohc=U3o1STk6eOgQ7kNvwGmN-oY&#038;_nc_oc=Adlre-f44R8Mp1KxBnwBIp0RzEj880Fn4bre7wz98LkK4Y-W4msraG8FjlUN82cvAFSp-zzZVeIPeJYQw_WYvjpC&#038;_nc_zt=23&#038;_nc_ht=scontent-lhr6-1.cdninstagram.com&#038;edm=ANo9K5cEAAAA&#038;_nc_gid=tozv9QcAAtQ6CCdLI00WLQ&#038;oh=00_AfrlLqSBmpQwR15Y2s1Fce2d1UfehBgEwpgZ_FOuqvddXQ&#038;oe=6968AA8C\"\n\t\t\tdata-img-src-set=\"{&quot;d&quot;:&quot;https:\\\/\\\/scontent-lhr6-1.cdninstagram.com\\\/v\\\/t51.82787-15\\\/543830407_18154401526383773_172793094593588893_n.jpg?stp=dst-jpg_e35_tt6&amp;_nc_cat=109&amp;ccb=7-5&amp;_nc_sid=18de74&amp;efg=eyJlZmdfdGFnIjoiRkVFRC5iZXN0X2ltYWdlX3VybGdlbi5DMyJ9&amp;_nc_ohc=U3o1STk6eOgQ7kNvwGmN-oY&amp;_nc_oc=Adlre-f44R8Mp1KxBnwBIp0RzEj880Fn4bre7wz98LkK4Y-W4msraG8FjlUN82cvAFSp-zzZVeIPeJYQw_WYvjpC&amp;_nc_zt=23&amp;_nc_ht=scontent-lhr6-1.cdninstagram.com&amp;edm=ANo9K5cEAAAA&amp;_nc_gid=tozv9QcAAtQ6CCdLI00WLQ&amp;oh=00_AfrlLqSBmpQwR15Y2s1Fce2d1UfehBgEwpgZ_FOuqvddXQ&amp;oe=6968AA8C&quot;,&quot;150&quot;:&quot;https:\\\/\\\/scontent-lhr6-1.cdninstagram.com\\\/v\\\/t51.82787-15\\\/543830407_18154401526383773_172793094593588893_n.jpg?stp=dst-jpg_e35_tt6&amp;_nc_cat=109&amp;ccb=7-5&amp;_nc_sid=18de74&amp;efg=eyJlZmdfdGFnIjoiRkVFRC5iZXN0X2ltYWdlX3VybGdlbi5DMyJ9&amp;_nc_ohc=U3o1STk6eOgQ7kNvwGmN-oY&amp;_nc_oc=Adlre-f44R8Mp1KxBnwBIp0RzEj880Fn4bre7wz98LkK4Y-W4msraG8FjlUN82cvAFSp-zzZVeIPeJYQw_WYvjpC&amp;_nc_zt=23&amp;_nc_ht=scontent-lhr6-1.cdninstagram.com&amp;edm=ANo9K5cEAAAA&amp;_nc_gid=tozv9QcAAtQ6CCdLI00WLQ&amp;oh=00_AfrlLqSBmpQwR15Y2s1Fce2d1UfehBgEwpgZ_FOuqvddXQ&amp;oe=6968AA8C&quot;,&quot;320&quot;:&quot;https:\\\/\\\/scontent-lhr6-1.cdninstagram.com\\\/v\\\/t51.82787-15\\\/543830407_18154401526383773_172793094593588893_n.jpg?stp=dst-jpg_e35_tt6&amp;_nc_cat=109&amp;ccb=7-5&amp;_nc_sid=18de74&amp;efg=eyJlZmdfdGFnIjoiRkVFRC5iZXN0X2ltYWdlX3VybGdlbi5DMyJ9&amp;_nc_ohc=U3o1STk6eOgQ7kNvwGmN-oY&amp;_nc_oc=Adlre-f44R8Mp1KxBnwBIp0RzEj880Fn4bre7wz98LkK4Y-W4msraG8FjlUN82cvAFSp-zzZVeIPeJYQw_WYvjpC&amp;_nc_zt=23&amp;_nc_ht=scontent-lhr6-1.cdninstagram.com&amp;edm=ANo9K5cEAAAA&amp;_nc_gid=tozv9QcAAtQ6CCdLI00WLQ&amp;oh=00_AfrlLqSBmpQwR15Y2s1Fce2d1UfehBgEwpgZ_FOuqvddXQ&amp;oe=6968AA8C&quot;,&quot;640&quot;:&quot;https:\\\/\\\/scontent-lhr6-1.cdninstagram.com\\\/v\\\/t51.82787-15\\\/543830407_18154401526383773_172793094593588893_n.jpg?stp=dst-jpg_e35_tt6&amp;_nc_cat=109&amp;ccb=7-5&amp;_nc_sid=18de74&amp;efg=eyJlZmdfdGFnIjoiRkVFRC5iZXN0X2ltYWdlX3VybGdlbi5DMyJ9&amp;_nc_ohc=U3o1STk6eOgQ7kNvwGmN-oY&amp;_nc_oc=Adlre-f44R8Mp1KxBnwBIp0RzEj880Fn4bre7wz98LkK4Y-W4msraG8FjlUN82cvAFSp-zzZVeIPeJYQw_WYvjpC&amp;_nc_zt=23&amp;_nc_ht=scontent-lhr6-1.cdninstagram.com&amp;edm=ANo9K5cEAAAA&amp;_nc_gid=tozv9QcAAtQ6CCdLI00WLQ&amp;oh=00_AfrlLqSBmpQwR15Y2s1Fce2d1UfehBgEwpgZ_FOuqvddXQ&amp;oe=6968AA8C&quot;}\">\n\t\t\t<span class=\"sbi-screenreader\">\ud83d\udd25 Erster Dienst der Jugendfeuerwehr nach der Somme<\/span>\n\t\t\t\t\t\t\t\t\t<img decoding=\"async\" src=\"https:\/\/fw-hardt.de\/wp-content\/plugins\/instagram-feed\/img\/placeholder.png\" alt=\"\ud83d\udd25 Erster Dienst der Jugendfeuerwehr nach der Sommerpause \ud83d\udd25\n\nHeute fand der erste Dienst der Jugendfeuerwehr Hardt nach der Sommerpause statt. Auf dem Plan stand die offene Wasserentnahme nach FwDv3, die unsere Jugendlichen mit viel Motivation ge\u00fcbt haben. \ud83d\udca6\ud83d\ude92\n\nBesonders gefreut haben wir uns \u00fcber drei neue Teilnehmer, die sich die Jugendfeuerwehr angeschaut und direkt mitgemacht haben. Herzlich willkommen!\n\nWir freuen uns weiterhin \u00fcber Verst\u00e4rkung. Kinder und Jugendliche ab 10 Jahren sind jederzeit eingeladen vorbeizuschauen. Den n\u00e4chsten Dienst k\u00fcndigen wir hier auf unseren Kan\u00e4len an. \n\n#Jugendfeuerwehr #FFHardt #M\u00f6nchengladbach #Feuerwehr #Ehrenamt\" aria-hidden=\"true\">\n\t\t<\/a>\n\t<\/div>\n<\/div><div class=\"sbi_item sbi_type_image sbi_new sbi_transition\"\n\tid=\"sbi_18304499236221096\" data-date=\"1757082589\">\n\t<div class=\"sbi_photo_wrap\">\n\t\t<a class=\"sbi_photo\" href=\"https:\/\/www.instagram.com\/p\/DOOVUGWDM5S\/\" target=\"_blank\" rel=\"noopener nofollow\"\n\t\t\tdata-full-res=\"https:\/\/scontent-lhr6-1.cdninstagram.com\/v\/t51.82787-15\/543661204_18154313017383773_8140071860384985826_n.jpg?stp=dst-jpg_e35_tt6&#038;_nc_cat=109&#038;ccb=7-5&#038;_nc_sid=18de74&#038;efg=eyJlZmdfdGFnIjoiRkVFRC5iZXN0X2ltYWdlX3VybGdlbi5DMyJ9&#038;_nc_ohc=oczFaaloZmYQ7kNvwGExpCQ&#038;_nc_oc=AdmQXDnmu87lUd8OeyW43nL61lP991plkxm69RVNfSqh9QFpiObFa0qv-OmtDEQTOsoLzToAtbxClwzTpzXq9dY0&#038;_nc_zt=23&#038;_nc_ht=scontent-lhr6-1.cdninstagram.com&#038;edm=ANo9K5cEAAAA&#038;_nc_gid=tozv9QcAAtQ6CCdLI00WLQ&#038;oh=00_AfrvakdbtHxErZUurHbLkO8FhY3uHDE8P6Pt86cRbKR6mA&#038;oe=6968B74F\"\n\t\t\tdata-img-src-set=\"{&quot;d&quot;:&quot;https:\\\/\\\/scontent-lhr6-1.cdninstagram.com\\\/v\\\/t51.82787-15\\\/543661204_18154313017383773_8140071860384985826_n.jpg?stp=dst-jpg_e35_tt6&amp;_nc_cat=109&amp;ccb=7-5&amp;_nc_sid=18de74&amp;efg=eyJlZmdfdGFnIjoiRkVFRC5iZXN0X2ltYWdlX3VybGdlbi5DMyJ9&amp;_nc_ohc=oczFaaloZmYQ7kNvwGExpCQ&amp;_nc_oc=AdmQXDnmu87lUd8OeyW43nL61lP991plkxm69RVNfSqh9QFpiObFa0qv-OmtDEQTOsoLzToAtbxClwzTpzXq9dY0&amp;_nc_zt=23&amp;_nc_ht=scontent-lhr6-1.cdninstagram.com&amp;edm=ANo9K5cEAAAA&amp;_nc_gid=tozv9QcAAtQ6CCdLI00WLQ&amp;oh=00_AfrvakdbtHxErZUurHbLkO8FhY3uHDE8P6Pt86cRbKR6mA&amp;oe=6968B74F&quot;,&quot;150&quot;:&quot;https:\\\/\\\/scontent-lhr6-1.cdninstagram.com\\\/v\\\/t51.82787-15\\\/543661204_18154313017383773_8140071860384985826_n.jpg?stp=dst-jpg_e35_tt6&amp;_nc_cat=109&amp;ccb=7-5&amp;_nc_sid=18de74&amp;efg=eyJlZmdfdGFnIjoiRkVFRC5iZXN0X2ltYWdlX3VybGdlbi5DMyJ9&amp;_nc_ohc=oczFaaloZmYQ7kNvwGExpCQ&amp;_nc_oc=AdmQXDnmu87lUd8OeyW43nL61lP991plkxm69RVNfSqh9QFpiObFa0qv-OmtDEQTOsoLzToAtbxClwzTpzXq9dY0&amp;_nc_zt=23&amp;_nc_ht=scontent-lhr6-1.cdninstagram.com&amp;edm=ANo9K5cEAAAA&amp;_nc_gid=tozv9QcAAtQ6CCdLI00WLQ&amp;oh=00_AfrvakdbtHxErZUurHbLkO8FhY3uHDE8P6Pt86cRbKR6mA&amp;oe=6968B74F&quot;,&quot;320&quot;:&quot;https:\\\/\\\/scontent-lhr6-1.cdninstagram.com\\\/v\\\/t51.82787-15\\\/543661204_18154313017383773_8140071860384985826_n.jpg?stp=dst-jpg_e35_tt6&amp;_nc_cat=109&amp;ccb=7-5&amp;_nc_sid=18de74&amp;efg=eyJlZmdfdGFnIjoiRkVFRC5iZXN0X2ltYWdlX3VybGdlbi5DMyJ9&amp;_nc_ohc=oczFaaloZmYQ7kNvwGExpCQ&amp;_nc_oc=AdmQXDnmu87lUd8OeyW43nL61lP991plkxm69RVNfSqh9QFpiObFa0qv-OmtDEQTOsoLzToAtbxClwzTpzXq9dY0&amp;_nc_zt=23&amp;_nc_ht=scontent-lhr6-1.cdninstagram.com&amp;edm=ANo9K5cEAAAA&amp;_nc_gid=tozv9QcAAtQ6CCdLI00WLQ&amp;oh=00_AfrvakdbtHxErZUurHbLkO8FhY3uHDE8P6Pt86cRbKR6mA&amp;oe=6968B74F&quot;,&quot;640&quot;:&quot;https:\\\/\\\/scontent-lhr6-1.cdninstagram.com\\\/v\\\/t51.82787-15\\\/543661204_18154313017383773_8140071860384985826_n.jpg?stp=dst-jpg_e35_tt6&amp;_nc_cat=109&amp;ccb=7-5&amp;_nc_sid=18de74&amp;efg=eyJlZmdfdGFnIjoiRkVFRC5iZXN0X2ltYWdlX3VybGdlbi5DMyJ9&amp;_nc_ohc=oczFaaloZmYQ7kNvwGExpCQ&amp;_nc_oc=AdmQXDnmu87lUd8OeyW43nL61lP991plkxm69RVNfSqh9QFpiObFa0qv-OmtDEQTOsoLzToAtbxClwzTpzXq9dY0&amp;_nc_zt=23&amp;_nc_ht=scontent-lhr6-1.cdninstagram.com&amp;edm=ANo9K5cEAAAA&amp;_nc_gid=tozv9QcAAtQ6CCdLI00WLQ&amp;oh=00_AfrvakdbtHxErZUurHbLkO8FhY3uHDE8P6Pt86cRbKR6mA&amp;oe=6968B74F&quot;}\">\n\t\t\t<span class=\"sbi-screenreader\">\ud83d\ude92\ud83d\udc69\u200d\ud83d\ude92 Jugendfeuerwehr Hardt startet wieder! \ud83d\udc68\u200d\ud83d\ude92\ud83d\udd25\n\nN<\/span>\n\t\t\t\t\t\t\t\t\t<img decoding=\"async\" src=\"https:\/\/fw-hardt.de\/wp-content\/plugins\/instagram-feed\/img\/placeholder.png\" alt=\"\ud83d\ude92\ud83d\udc69\u200d\ud83d\ude92 Jugendfeuerwehr Hardt startet wieder! \ud83d\udc68\u200d\ud83d\ude92\ud83d\udd25\n\nNach der Sommerpause geht es morgen f\u00fcr die Jugendfeuerwehr endlich wieder los. Der Start hat sich etwas verschoben, weil die aktive Einheit und viele unserer Ausbilder bei gro\u00dfen \u00dcbungen gebraucht wurden.\n\nAm 06.09.2025 von 10 bis 13 Uhr ist unser erster Jugendfeuerwehr Dienst in der 2. Jahresh\u00e4lfte.\n\nAlle Kinder und Jugendlichen ab 10 Jahren sind herzlich eingeladen mitzumachen.\nKomm vorbei, lern uns kennen und sei Teil der Jugendfeuerwehr Hardt \u2013 wir freuen uns auf dich! \ud83d\ude4c\n\n#Jugendfeuerwehr #FFHardt #M\u00f6nchengladbach #Mitmachen\" aria-hidden=\"true\">\n\t\t<\/a>\n\t<\/div>\n<\/div><div class=\"sbi_item sbi_type_carousel sbi_new sbi_transition\"\n\tid=\"sbi_18073907201020046\" data-date=\"1756036452\">\n\t<div class=\"sbi_photo_wrap\">\n\t\t<a class=\"sbi_photo\" href=\"https:\/\/www.instagram.com\/p\/DNvJ9z32Cb1\/\" target=\"_blank\" rel=\"noopener nofollow\"\n\t\t\tdata-full-res=\"https:\/\/scontent-lhr8-1.cdninstagram.com\/v\/t51.71878-15\/539441587_1090568179926019_2316338224904947883_n.heic?stp=dst-jpg_e35_tt6&#038;_nc_cat=107&#038;ccb=7-5&#038;_nc_sid=18de74&#038;efg=eyJlZmdfdGFnIjoiQ0FST1VTRUxfSVRFTS5iZXN0X2ltYWdlX3VybGdlbi5DMyJ9&#038;_nc_ohc=ipdO1iwoQwwQ7kNvwHZDSmh&#038;_nc_oc=AdlNF5RHAdZxUySfRMxeBiI6qm0AykjZVK1uMQP0zoBBiQx7pJqxC1-5KfxJrguY94jT9QvRbiCnIJvR6fgSpoSD&#038;_nc_zt=23&#038;_nc_ht=scontent-lhr8-1.cdninstagram.com&#038;edm=ANo9K5cEAAAA&#038;_nc_gid=tozv9QcAAtQ6CCdLI00WLQ&#038;oh=00_AfobMX79eiQCL2BL8Pj-6HeTHjlOJdccKoGnjOWr5L624A&#038;oe=6968964E\"\n\t\t\tdata-img-src-set=\"{&quot;d&quot;:&quot;https:\\\/\\\/scontent-lhr8-1.cdninstagram.com\\\/v\\\/t51.71878-15\\\/539441587_1090568179926019_2316338224904947883_n.heic?stp=dst-jpg_e35_tt6&amp;_nc_cat=107&amp;ccb=7-5&amp;_nc_sid=18de74&amp;efg=eyJlZmdfdGFnIjoiQ0FST1VTRUxfSVRFTS5iZXN0X2ltYWdlX3VybGdlbi5DMyJ9&amp;_nc_ohc=ipdO1iwoQwwQ7kNvwHZDSmh&amp;_nc_oc=AdlNF5RHAdZxUySfRMxeBiI6qm0AykjZVK1uMQP0zoBBiQx7pJqxC1-5KfxJrguY94jT9QvRbiCnIJvR6fgSpoSD&amp;_nc_zt=23&amp;_nc_ht=scontent-lhr8-1.cdninstagram.com&amp;edm=ANo9K5cEAAAA&amp;_nc_gid=tozv9QcAAtQ6CCdLI00WLQ&amp;oh=00_AfobMX79eiQCL2BL8Pj-6HeTHjlOJdccKoGnjOWr5L624A&amp;oe=6968964E&quot;,&quot;150&quot;:&quot;https:\\\/\\\/scontent-lhr8-1.cdninstagram.com\\\/v\\\/t51.71878-15\\\/539441587_1090568179926019_2316338224904947883_n.heic?stp=dst-jpg_e35_tt6&amp;_nc_cat=107&amp;ccb=7-5&amp;_nc_sid=18de74&amp;efg=eyJlZmdfdGFnIjoiQ0FST1VTRUxfSVRFTS5iZXN0X2ltYWdlX3VybGdlbi5DMyJ9&amp;_nc_ohc=ipdO1iwoQwwQ7kNvwHZDSmh&amp;_nc_oc=AdlNF5RHAdZxUySfRMxeBiI6qm0AykjZVK1uMQP0zoBBiQx7pJqxC1-5KfxJrguY94jT9QvRbiCnIJvR6fgSpoSD&amp;_nc_zt=23&amp;_nc_ht=scontent-lhr8-1.cdninstagram.com&amp;edm=ANo9K5cEAAAA&amp;_nc_gid=tozv9QcAAtQ6CCdLI00WLQ&amp;oh=00_AfobMX79eiQCL2BL8Pj-6HeTHjlOJdccKoGnjOWr5L624A&amp;oe=6968964E&quot;,&quot;320&quot;:&quot;https:\\\/\\\/scontent-lhr8-1.cdninstagram.com\\\/v\\\/t51.71878-15\\\/539441587_1090568179926019_2316338224904947883_n.heic?stp=dst-jpg_e35_tt6&amp;_nc_cat=107&amp;ccb=7-5&amp;_nc_sid=18de74&amp;efg=eyJlZmdfdGFnIjoiQ0FST1VTRUxfSVRFTS5iZXN0X2ltYWdlX3VybGdlbi5DMyJ9&amp;_nc_ohc=ipdO1iwoQwwQ7kNvwHZDSmh&amp;_nc_oc=AdlNF5RHAdZxUySfRMxeBiI6qm0AykjZVK1uMQP0zoBBiQx7pJqxC1-5KfxJrguY94jT9QvRbiCnIJvR6fgSpoSD&amp;_nc_zt=23&amp;_nc_ht=scontent-lhr8-1.cdninstagram.com&amp;edm=ANo9K5cEAAAA&amp;_nc_gid=tozv9QcAAtQ6CCdLI00WLQ&amp;oh=00_AfobMX79eiQCL2BL8Pj-6HeTHjlOJdccKoGnjOWr5L624A&amp;oe=6968964E&quot;,&quot;640&quot;:&quot;https:\\\/\\\/scontent-lhr8-1.cdninstagram.com\\\/v\\\/t51.71878-15\\\/539441587_1090568179926019_2316338224904947883_n.heic?stp=dst-jpg_e35_tt6&amp;_nc_cat=107&amp;ccb=7-5&amp;_nc_sid=18de74&amp;efg=eyJlZmdfdGFnIjoiQ0FST1VTRUxfSVRFTS5iZXN0X2ltYWdlX3VybGdlbi5DMyJ9&amp;_nc_ohc=ipdO1iwoQwwQ7kNvwHZDSmh&amp;_nc_oc=AdlNF5RHAdZxUySfRMxeBiI6qm0AykjZVK1uMQP0zoBBiQx7pJqxC1-5KfxJrguY94jT9QvRbiCnIJvR6fgSpoSD&amp;_nc_zt=23&amp;_nc_ht=scontent-lhr8-1.cdninstagram.com&amp;edm=ANo9K5cEAAAA&amp;_nc_gid=tozv9QcAAtQ6CCdLI00WLQ&amp;oh=00_AfobMX79eiQCL2BL8Pj-6HeTHjlOJdccKoGnjOWr5L624A&amp;oe=6968964E&quot;}\">\n\t\t\t<span class=\"sbi-screenreader\">\ud83d\ude92\ud83d\udd25 \u00dcbungseinsatz in Rasseln \ud83d\udd25\ud83d\ude92\n\nWenn Wald oder Fel<\/span>\n\t\t\t<svg class=\"svg-inline--fa fa-clone fa-w-16 sbi_lightbox_carousel_icon\" aria-hidden=\"true\" aria-label=\"Clone\" data-fa-pro\u0192cessed=\"\" data-prefix=\"far\" data-icon=\"clone\" role=\"img\" xmlns=\"http:\/\/www.w3.org\/2000\/svg\" viewBox=\"0 0 512 512\">\n                    <path fill=\"currentColor\" d=\"M464 0H144c-26.51 0-48 21.49-48 48v48H48c-26.51 0-48 21.49-48 48v320c0 26.51 21.49 48 48 48h320c26.51 0 48-21.49 48-48v-48h48c26.51 0 48-21.49 48-48V48c0-26.51-21.49-48-48-48zM362 464H54a6 6 0 0 1-6-6V150a6 6 0 0 1 6-6h42v224c0 26.51 21.49 48 48 48h224v42a6 6 0 0 1-6 6zm96-96H150a6 6 0 0 1-6-6V54a6 6 0 0 1 6-6h308a6 6 0 0 1 6 6v308a6 6 0 0 1-6 6z\"><\/path>\n                <\/svg>\t\t\t\t\t\t<img decoding=\"async\" src=\"https:\/\/fw-hardt.de\/wp-content\/plugins\/instagram-feed\/img\/placeholder.png\" alt=\"\ud83d\ude92\ud83d\udd25 \u00dcbungseinsatz in Rasseln \ud83d\udd25\ud83d\ude92\n\nWenn Wald oder Feld brennen, z\u00e4hlt jede Minute und jede helfende Hand. \ud83d\udcaa\ud83c\udf3e\nDarum haben wir am 23.08. mit der @feuerwehrschwalmtal und dem Lohnunternehmer @u.nowak_lohnunternehmen den Ernstfall trainiert.\n\nAuf einem Stoppelfeld probten wir gemeinsam die Vegetationsbrandbek\u00e4mpfung \u2013 mit Spezialger\u00e4t, Teamwork und voller Einsatzbereitschaft.\nSo sind wir f\u00fcr den Ernstfall bestens vorbereitet, um M\u00f6nchengladbach und die Region zu sch\u00fctzen. \ud83d\udcaf\ud83d\udd25\n\n\ud83d\udc49 Mit dabei:\n12 Kr\u00e4fte unserer Einheit Hardt\n10 Kr\u00e4fte der Feuerwehr Schwalmtal\n5 Mitarbeitende des Lohnunternehmers\n\nDie offizielle Pressemitteilung findet ihr hier: https:\/\/www.presseportal.de\/blaulicht\/pm\/115879\/6102763\n\n#Feuerwehr #FreiwilligeFeuerwehr #Teamwork #M\u00f6nchengladbach #\u00dcbung #Vegetationsbrand #FFHardt\" aria-hidden=\"true\">\n\t\t<\/a>\n\t<\/div>\n<\/div><div class=\"sbi_item sbi_type_image sbi_new sbi_transition\"\n\tid=\"sbi_17859925641415511\" data-date=\"1755880986\">\n\t<div class=\"sbi_photo_wrap\">\n\t\t<a class=\"sbi_photo\" href=\"https:\/\/www.instagram.com\/p\/DNqhcCIs-3M\/\" target=\"_blank\" rel=\"noopener nofollow\"\n\t\t\tdata-full-res=\"https:\/\/scontent-lhr6-2.cdninstagram.com\/v\/t51.71878-15\/537577807_763510399744233_974533453147825002_n.heic?stp=dst-jpg_e35_tt6&#038;_nc_cat=104&#038;ccb=7-5&#038;_nc_sid=18de74&#038;efg=eyJlZmdfdGFnIjoiRkVFRC5iZXN0X2ltYWdlX3VybGdlbi5DMyJ9&#038;_nc_ohc=fnKHK_R_ciUQ7kNvwEVJ2O1&#038;_nc_oc=Adl0LJzMBlCERVBab4lQuCPv-_3LngDM378bzvdVT1OkBAQJGwXWg0dQ9L_SGM2lLh_xqIKPU0mIi666-CcATp22&#038;_nc_zt=23&#038;_nc_ht=scontent-lhr6-2.cdninstagram.com&#038;edm=ANo9K5cEAAAA&#038;_nc_gid=tozv9QcAAtQ6CCdLI00WLQ&#038;oh=00_AfoWRSDFvv3K9ym7wXGJ4oG7QI9zDoJAiIP9uQ--mo0Hdg&#038;oe=6968A39E\"\n\t\t\tdata-img-src-set=\"{&quot;d&quot;:&quot;https:\\\/\\\/scontent-lhr6-2.cdninstagram.com\\\/v\\\/t51.71878-15\\\/537577807_763510399744233_974533453147825002_n.heic?stp=dst-jpg_e35_tt6&amp;_nc_cat=104&amp;ccb=7-5&amp;_nc_sid=18de74&amp;efg=eyJlZmdfdGFnIjoiRkVFRC5iZXN0X2ltYWdlX3VybGdlbi5DMyJ9&amp;_nc_ohc=fnKHK_R_ciUQ7kNvwEVJ2O1&amp;_nc_oc=Adl0LJzMBlCERVBab4lQuCPv-_3LngDM378bzvdVT1OkBAQJGwXWg0dQ9L_SGM2lLh_xqIKPU0mIi666-CcATp22&amp;_nc_zt=23&amp;_nc_ht=scontent-lhr6-2.cdninstagram.com&amp;edm=ANo9K5cEAAAA&amp;_nc_gid=tozv9QcAAtQ6CCdLI00WLQ&amp;oh=00_AfoWRSDFvv3K9ym7wXGJ4oG7QI9zDoJAiIP9uQ--mo0Hdg&amp;oe=6968A39E&quot;,&quot;150&quot;:&quot;https:\\\/\\\/scontent-lhr6-2.cdninstagram.com\\\/v\\\/t51.71878-15\\\/537577807_763510399744233_974533453147825002_n.heic?stp=dst-jpg_e35_tt6&amp;_nc_cat=104&amp;ccb=7-5&amp;_nc_sid=18de74&amp;efg=eyJlZmdfdGFnIjoiRkVFRC5iZXN0X2ltYWdlX3VybGdlbi5DMyJ9&amp;_nc_ohc=fnKHK_R_ciUQ7kNvwEVJ2O1&amp;_nc_oc=Adl0LJzMBlCERVBab4lQuCPv-_3LngDM378bzvdVT1OkBAQJGwXWg0dQ9L_SGM2lLh_xqIKPU0mIi666-CcATp22&amp;_nc_zt=23&amp;_nc_ht=scontent-lhr6-2.cdninstagram.com&amp;edm=ANo9K5cEAAAA&amp;_nc_gid=tozv9QcAAtQ6CCdLI00WLQ&amp;oh=00_AfoWRSDFvv3K9ym7wXGJ4oG7QI9zDoJAiIP9uQ--mo0Hdg&amp;oe=6968A39E&quot;,&quot;320&quot;:&quot;https:\\\/\\\/scontent-lhr6-2.cdninstagram.com\\\/v\\\/t51.71878-15\\\/537577807_763510399744233_974533453147825002_n.heic?stp=dst-jpg_e35_tt6&amp;_nc_cat=104&amp;ccb=7-5&amp;_nc_sid=18de74&amp;efg=eyJlZmdfdGFnIjoiRkVFRC5iZXN0X2ltYWdlX3VybGdlbi5DMyJ9&amp;_nc_ohc=fnKHK_R_ciUQ7kNvwEVJ2O1&amp;_nc_oc=Adl0LJzMBlCERVBab4lQuCPv-_3LngDM378bzvdVT1OkBAQJGwXWg0dQ9L_SGM2lLh_xqIKPU0mIi666-CcATp22&amp;_nc_zt=23&amp;_nc_ht=scontent-lhr6-2.cdninstagram.com&amp;edm=ANo9K5cEAAAA&amp;_nc_gid=tozv9QcAAtQ6CCdLI00WLQ&amp;oh=00_AfoWRSDFvv3K9ym7wXGJ4oG7QI9zDoJAiIP9uQ--mo0Hdg&amp;oe=6968A39E&quot;,&quot;640&quot;:&quot;https:\\\/\\\/scontent-lhr6-2.cdninstagram.com\\\/v\\\/t51.71878-15\\\/537577807_763510399744233_974533453147825002_n.heic?stp=dst-jpg_e35_tt6&amp;_nc_cat=104&amp;ccb=7-5&amp;_nc_sid=18de74&amp;efg=eyJlZmdfdGFnIjoiRkVFRC5iZXN0X2ltYWdlX3VybGdlbi5DMyJ9&amp;_nc_ohc=fnKHK_R_ciUQ7kNvwEVJ2O1&amp;_nc_oc=Adl0LJzMBlCERVBab4lQuCPv-_3LngDM378bzvdVT1OkBAQJGwXWg0dQ9L_SGM2lLh_xqIKPU0mIi666-CcATp22&amp;_nc_zt=23&amp;_nc_ht=scontent-lhr6-2.cdninstagram.com&amp;edm=ANo9K5cEAAAA&amp;_nc_gid=tozv9QcAAtQ6CCdLI00WLQ&amp;oh=00_AfoWRSDFvv3K9ym7wXGJ4oG7QI9zDoJAiIP9uQ--mo0Hdg&amp;oe=6968A39E&quot;}\">\n\t\t\t<span class=\"sbi-screenreader\">\ud83d\udea8 Vegetationsbrand\u00fcbung in Rasseln \ud83d\udea8\n\nAm Samstag, <\/span>\n\t\t\t\t\t\t\t\t\t<img decoding=\"async\" src=\"https:\/\/fw-hardt.de\/wp-content\/plugins\/instagram-feed\/img\/placeholder.png\" alt=\"\ud83d\udea8 Vegetationsbrand\u00fcbung in Rasseln \ud83d\udea8\n\nAm Samstag, den 23.08.2025, f\u00fchrt die Freiwillige Feuerwehr M\u00f6nchengladbach \u2013 Einheit Hardt eine gro\u00dfe Vegetationsbrand\u00fcbung im Bereich Rasseln durch.\nZwischen 10:00 Uhr und 17:00 Uhr kann es in der Umgebung zu sichtbarer Rauchentwicklung kommen.\n\n\ud83d\udc49 Wichtig: Es handelt sich um eine geplante \u00dcbung unserer Einsatzkr\u00e4fte, um f\u00fcr den Ernstfall bestens vorbereitet zu sein. F\u00fcr die Bev\u00f6lkerung besteht keine Gefahr.\" aria-hidden=\"true\">\n\t\t<\/a>\n\t<\/div>\n<\/div><div class=\"sbi_item sbi_type_video sbi_new sbi_transition\"\n\tid=\"sbi_18019918856512624\" data-date=\"1749910650\">\n\t<div class=\"sbi_photo_wrap\">\n\t\t<a class=\"sbi_photo\" href=\"https:\/\/www.instagram.com\/reel\/DK4l6BUtjVG\/\" target=\"_blank\" rel=\"noopener nofollow\"\n\t\t\tdata-full-res=\"https:\/\/scontent-lhr8-1.cdninstagram.com\/v\/t51.75761-15\/506051824_18146419861383773_1721220312744386594_n.jpg?stp=dst-jpg_e35_tt6&#038;_nc_cat=107&#038;ccb=7-5&#038;_nc_sid=18de74&#038;efg=eyJlZmdfdGFnIjoiQ0xJUFMuYmVzdF9pbWFnZV91cmxnZW4uQzMifQ%3D%3D&#038;_nc_ohc=PWddpYlQETYQ7kNvwG8sNP8&#038;_nc_oc=AdmEZ5b4wVcnyzMNBKYcEaKAEPVXU5RhnAOtOPqCx7sZj4uLCylj_Lfc_YKVbG5kMYFV2qZbA32D51-VeFlR4tgx&#038;_nc_zt=23&#038;_nc_ht=scontent-lhr8-1.cdninstagram.com&#038;edm=ANo9K5cEAAAA&#038;_nc_gid=tozv9QcAAtQ6CCdLI00WLQ&#038;oh=00_AfqhdLG22qwyoeUc1X8_QIlgq-oOG97EDmFtYcu3gsFKmg&#038;oe=6968AF26\"\n\t\t\tdata-img-src-set=\"{&quot;d&quot;:&quot;https:\\\/\\\/scontent-lhr8-1.cdninstagram.com\\\/v\\\/t51.75761-15\\\/506051824_18146419861383773_1721220312744386594_n.jpg?stp=dst-jpg_e35_tt6&amp;_nc_cat=107&amp;ccb=7-5&amp;_nc_sid=18de74&amp;efg=eyJlZmdfdGFnIjoiQ0xJUFMuYmVzdF9pbWFnZV91cmxnZW4uQzMifQ%3D%3D&amp;_nc_ohc=PWddpYlQETYQ7kNvwG8sNP8&amp;_nc_oc=AdmEZ5b4wVcnyzMNBKYcEaKAEPVXU5RhnAOtOPqCx7sZj4uLCylj_Lfc_YKVbG5kMYFV2qZbA32D51-VeFlR4tgx&amp;_nc_zt=23&amp;_nc_ht=scontent-lhr8-1.cdninstagram.com&amp;edm=ANo9K5cEAAAA&amp;_nc_gid=tozv9QcAAtQ6CCdLI00WLQ&amp;oh=00_AfqhdLG22qwyoeUc1X8_QIlgq-oOG97EDmFtYcu3gsFKmg&amp;oe=6968AF26&quot;,&quot;150&quot;:&quot;https:\\\/\\\/scontent-lhr8-1.cdninstagram.com\\\/v\\\/t51.75761-15\\\/506051824_18146419861383773_1721220312744386594_n.jpg?stp=dst-jpg_e35_tt6&amp;_nc_cat=107&amp;ccb=7-5&amp;_nc_sid=18de74&amp;efg=eyJlZmdfdGFnIjoiQ0xJUFMuYmVzdF9pbWFnZV91cmxnZW4uQzMifQ%3D%3D&amp;_nc_ohc=PWddpYlQETYQ7kNvwG8sNP8&amp;_nc_oc=AdmEZ5b4wVcnyzMNBKYcEaKAEPVXU5RhnAOtOPqCx7sZj4uLCylj_Lfc_YKVbG5kMYFV2qZbA32D51-VeFlR4tgx&amp;_nc_zt=23&amp;_nc_ht=scontent-lhr8-1.cdninstagram.com&amp;edm=ANo9K5cEAAAA&amp;_nc_gid=tozv9QcAAtQ6CCdLI00WLQ&amp;oh=00_AfqhdLG22qwyoeUc1X8_QIlgq-oOG97EDmFtYcu3gsFKmg&amp;oe=6968AF26&quot;,&quot;320&quot;:&quot;https:\\\/\\\/scontent-lhr8-1.cdninstagram.com\\\/v\\\/t51.75761-15\\\/506051824_18146419861383773_1721220312744386594_n.jpg?stp=dst-jpg_e35_tt6&amp;_nc_cat=107&amp;ccb=7-5&amp;_nc_sid=18de74&amp;efg=eyJlZmdfdGFnIjoiQ0xJUFMuYmVzdF9pbWFnZV91cmxnZW4uQzMifQ%3D%3D&amp;_nc_ohc=PWddpYlQETYQ7kNvwG8sNP8&amp;_nc_oc=AdmEZ5b4wVcnyzMNBKYcEaKAEPVXU5RhnAOtOPqCx7sZj4uLCylj_Lfc_YKVbG5kMYFV2qZbA32D51-VeFlR4tgx&amp;_nc_zt=23&amp;_nc_ht=scontent-lhr8-1.cdninstagram.com&amp;edm=ANo9K5cEAAAA&amp;_nc_gid=tozv9QcAAtQ6CCdLI00WLQ&amp;oh=00_AfqhdLG22qwyoeUc1X8_QIlgq-oOG97EDmFtYcu3gsFKmg&amp;oe=6968AF26&quot;,&quot;640&quot;:&quot;https:\\\/\\\/scontent-lhr8-1.cdninstagram.com\\\/v\\\/t51.75761-15\\\/506051824_18146419861383773_1721220312744386594_n.jpg?stp=dst-jpg_e35_tt6&amp;_nc_cat=107&amp;ccb=7-5&amp;_nc_sid=18de74&amp;efg=eyJlZmdfdGFnIjoiQ0xJUFMuYmVzdF9pbWFnZV91cmxnZW4uQzMifQ%3D%3D&amp;_nc_ohc=PWddpYlQETYQ7kNvwG8sNP8&amp;_nc_oc=AdmEZ5b4wVcnyzMNBKYcEaKAEPVXU5RhnAOtOPqCx7sZj4uLCylj_Lfc_YKVbG5kMYFV2qZbA32D51-VeFlR4tgx&amp;_nc_zt=23&amp;_nc_ht=scontent-lhr8-1.cdninstagram.com&amp;edm=ANo9K5cEAAAA&amp;_nc_gid=tozv9QcAAtQ6CCdLI00WLQ&amp;oh=00_AfqhdLG22qwyoeUc1X8_QIlgq-oOG97EDmFtYcu3gsFKmg&amp;oe=6968AF26&quot;}\">\n\t\t\t<span class=\"sbi-screenreader\">Einsatz\u00fcbung der Jugendfeuerwehr beim Tag der offe<\/span>\n\t\t\t\t\t\t<svg style=\"color: rgba(255,255,255,1)\" class=\"svg-inline--fa fa-play fa-w-14 sbi_playbtn\" aria-label=\"Play\" aria-hidden=\"true\" data-fa-processed=\"\" data-prefix=\"fa\" data-icon=\"play\" role=\"presentation\" xmlns=\"http:\/\/www.w3.org\/2000\/svg\" viewBox=\"0 0 448 512\"><path fill=\"currentColor\" d=\"M424.4 214.7L72.4 6.6C43.8-10.3 0 6.1 0 47.9V464c0 37.5 40.7 60.1 72.4 41.3l352-208c31.4-18.5 31.5-64.1 0-82.6z\"><\/path><\/svg>\t\t\t<img decoding=\"async\" src=\"https:\/\/fw-hardt.de\/wp-content\/plugins\/instagram-feed\/img\/placeholder.png\" alt=\"Einsatz\u00fcbung der Jugendfeuerwehr beim Tag der offenen T\u00fcr 25\" aria-hidden=\"true\">\n\t\t<\/a>\n\t<\/div>\n<\/div>\t<\/div>\n\n\t<div id=\"sbi_load\" >\n\n\t\t\t<button class=\"sbi_load_btn\"\n\t\t\ttype=\"button\" >\n\t\t\t<span class=\"sbi_btn_text\" >Mehr laden\u2026<\/span>\n\t\t\t<span class=\"sbi_loader sbi_hidden\" style=\"background-color: rgb(255, 255, 255);\" aria-hidden=\"true\"><\/span>\n\t\t<\/button>\n\t\n\t\t\t<span class=\"sbi_follow_btn\" >\n\t\t\t<a target=\"_blank\"\n\t\t\t\trel=\"nofollow noopener\"  href=\"https:\/\/www.instagram.com\/ffhardt_1120\/\">\n\t\t\t\t<svg class=\"svg-inline--fa fa-instagram fa-w-14\" aria-hidden=\"true\" data-fa-processed=\"\" aria-label=\"Instagram\" data-prefix=\"fab\" data-icon=\"instagram\" role=\"img\" viewBox=\"0 0 448 512\">\n                    <path fill=\"currentColor\" d=\"M224.1 141c-63.6 0-114.9 51.3-114.9 114.9s51.3 114.9 114.9 114.9S339 319.5 339 255.9 287.7 141 224.1 141zm0 189.6c-41.1 0-74.7-33.5-74.7-74.7s33.5-74.7 74.7-74.7 74.7 33.5 74.7 74.7-33.6 74.7-74.7 74.7zm146.4-194.3c0 14.9-12 26.8-26.8 26.8-14.9 0-26.8-12-26.8-26.8s12-26.8 26.8-26.8 26.8 12 26.8 26.8zm76.1 27.2c-1.7-35.9-9.9-67.7-36.2-93.9-26.2-26.2-58-34.4-93.9-36.2-37-2.1-147.9-2.1-184.9 0-35.8 1.7-67.6 9.9-93.9 36.1s-34.4 58-36.2 93.9c-2.1 37-2.1 147.9 0 184.9 1.7 35.9 9.9 67.7 36.2 93.9s58 34.4 93.9 36.2c37 2.1 147.9 2.1 184.9 0 35.9-1.7 67.7-9.9 93.9-36.2 26.2-26.2 34.4-58 36.2-93.9 2.1-37 2.1-147.8 0-184.8zM398.8 388c-7.8 19.6-22.9 34.7-42.6 42.6-29.5 11.7-99.5 9-132.1 9s-102.7 2.6-132.1-9c-19.6-7.8-34.7-22.9-42.6-42.6-11.7-29.5-9-99.5-9-132.1s-2.6-102.7 9-132.1c7.8-19.6 22.9-34.7 42.6-42.6 29.5-11.7 99.5-9 132.1-9s102.7-2.6 132.1 9c19.6 7.8 34.7 22.9 42.6 42.6 11.7 29.5 9 99.5 9 132.1s2.7 102.7-9 132.1z\"><\/path>\n                <\/svg>\t\t\t\t<span>Auf Instagram folgen<\/span>\n\t\t\t<\/a>\n\t\t<\/span>\n\t\n<\/div>\n\t\t<span class=\"sbi_resized_image_data\" data-feed-id=\"*1\"\n\t\t  data-resized=\"{&quot;18019918856512624&quot;:{&quot;id&quot;:&quot;506051824_18146419861383773_1721220312744386594_n&quot;,&quot;ratio&quot;:&quot;0.56&quot;,&quot;sizes&quot;:{&quot;full&quot;:640,&quot;low&quot;:320,&quot;thumb&quot;:150},&quot;extension&quot;:&quot;.webp&quot;},&quot;17859925641415511&quot;:{&quot;id&quot;:&quot;537577807_763510399744233_974533453147825002_n.heic&quot;,&quot;ratio&quot;:&quot;1.00&quot;,&quot;sizes&quot;:{&quot;full&quot;:640,&quot;low&quot;:320,&quot;thumb&quot;:150},&quot;extension&quot;:&quot;.webp&quot;},&quot;18073907201020046&quot;:{&quot;id&quot;:&quot;539441587_1090568179926019_2316338224904947883_n.heic&quot;,&quot;ratio&quot;:&quot;1.00&quot;,&quot;sizes&quot;:{&quot;full&quot;:640,&quot;low&quot;:320,&quot;thumb&quot;:150},&quot;extension&quot;:&quot;.webp&quot;},&quot;18304499236221096&quot;:{&quot;id&quot;:&quot;543661204_18154313017383773_8140071860384985826_n&quot;,&quot;ratio&quot;:&quot;1.00&quot;,&quot;sizes&quot;:{&quot;full&quot;:640,&quot;low&quot;:320,&quot;thumb&quot;:150},&quot;extension&quot;:&quot;.webp&quot;},&quot;18513695035030462&quot;:{&quot;id&quot;:&quot;543830407_18154401526383773_172793094593588893_n&quot;,&quot;ratio&quot;:&quot;1.00&quot;,&quot;sizes&quot;:{&quot;full&quot;:640,&quot;low&quot;:320,&quot;thumb&quot;:150},&quot;extension&quot;:&quot;.webp&quot;},&quot;17997351230818317&quot;:{&quot;id&quot;:&quot;550364702_18155357893383773_6717564135452815551_n.heic&quot;,&quot;ratio&quot;:&quot;1.00&quot;,&quot;sizes&quot;:{&quot;full&quot;:640,&quot;low&quot;:320,&quot;thumb&quot;:150},&quot;extension&quot;:&quot;.webp&quot;},&quot;17877203118332639&quot;:{&quot;id&quot;:&quot;570222929_1459750428466364_500840026091195783_n&quot;,&quot;ratio&quot;:&quot;0.56&quot;,&quot;sizes&quot;:{&quot;full&quot;:640,&quot;low&quot;:320,&quot;thumb&quot;:150},&quot;extension&quot;:&quot;.webp&quot;},&quot;18066767498580119&quot;:{&quot;id&quot;:&quot;581614198_18163537384383773_7642327131614628256_n&quot;,&quot;ratio&quot;:&quot;0.75&quot;,&quot;sizes&quot;:{&quot;full&quot;:640,&quot;low&quot;:320,&quot;thumb&quot;:150},&quot;extension&quot;:&quot;.webp&quot;},&quot;18063286610185468&quot;:{&quot;id&quot;:&quot;587304318_1257789979725634_6847828037983944837_n&quot;,&quot;ratio&quot;:&quot;0.56&quot;,&quot;sizes&quot;:{&quot;full&quot;:640,&quot;low&quot;:320,&quot;thumb&quot;:150},&quot;extension&quot;:&quot;.webp&quot;},&quot;18097085587892573&quot;:{&quot;id&quot;:&quot;603660839_18166665637383773_1874412853286336693_n.heic&quot;,&quot;ratio&quot;:&quot;1.00&quot;,&quot;sizes&quot;:{&quot;full&quot;:640,&quot;low&quot;:320,&quot;thumb&quot;:150},&quot;extension&quot;:&quot;.webp&quot;}}\">\n\t<\/span>\n\t<\/div>\n\n\n<p>[\/et_pb_cta][\/et_pb_column][\/et_pb_section]<\/p>\n","protected":false},"excerpt":{"rendered":"<p>Geschichte Aus der Zusammenstellung der Geschichte der Hardter Feuerwehr die Peter Grams 1970 zum damals 60j\u00e4hrigen Bestehen verfasste. Wohlt\u00e4tig ist des Feuers Macht, wenn sie der Mensch bez\u00e4hmt, bewacht, und [&hellip;]<\/p>\n","protected":false},"author":1,"featured_media":5477,"parent":0,"menu_order":0,"comment_status":"closed","ping_status":"closed","template":"","meta":{"_et_pb_use_builder":"on","_et_pb_old_content":"<p style=\"text-align: center;\">Aus der Zusammenstellung der Geschichte der Hardter Feuerwehr die Peter Grams 1970 zum damals 60j\u00e4hrigen Bestehen verfasste.<\/p>\t\t\n\t\t\t\t\t\t\tWohlt\u00e4tig ist des Feuers Macht, wenn sie der Mensch bez\u00e4hmt, bewacht, und was er bildet, was er schafft, das dankt er dieser Himmelskraft, doch furchtbar wird die Himmelskraft; wenn sie der Fessel sich entrafft, einhertritt auf der eigenen Spur, die freie Tochter der Natur. Wehe, wenn sie losgelassen, wachsend ohne Widerstand, durch die volksbeliebten Gassen, w\u00e4lzt den ungeheuren Brand ! So sagte Schiller in seinem Gedicht \u201cDie Glocke\u201d.\n\t\t<p style=\"text-align: center;\">Seit alters her hat der Mensch die Wohltaten des Feuers erfahren, aber auch seine verheerenden Wirkungen bei Br\u00e4nden zu sp\u00fcren bekommen. Welch namenloses Leid hat schon die Brandfackel in Kriegszeiten \u00fcber die Menschen gebracht. St\u00e4dte und D\u00f6rfer, H\u00e4user und H\u00f6fe, W\u00e4lder und erntereife Getreidefelder, Arbeit eines Lebens, Arbeit von Jahrhunderten, Leib und Leben vieler Menschen, ob jung oder alt, wurden Opfer des Feuers.<\/p><p style=\"text-align: center;\">Wie Lebte der Mensch doch in den vergangenen Jahrhunderten stets von Feuergefahr bedroht in den aus Holz und Holzfachwerk erbauten und Mit Stroh und Schindeln gedeckten H\u00e4usern mit offenem Kamin und offenem \u00d6l- oder Wachslicht, im Einzelhaus oder in den St\u00e4dten, wo sich in den engen Gassen Haus an Haus reihte. Ein Hausbrand, \u00fcber den man nicht Herr wurde, den man nicht lokalisieren konnte, breitete sich schnell im trockenen Holzwerk der H\u00e4user und Stroh der D\u00e4cher aus. Ein solcher Brand konnte einen ganzen Stadtteil oder gar eine ganze Stadt vernichten.<\/p><p style=\"text-align: center;\">Durch Br\u00e4nde vorstehender Art waren die St\u00e4dte wohl gemahnt, Vorsorge f\u00fcr eine Brandbek\u00e4mpfung zu treffen. Feuerspritzen gab es noch nicht. Auf Anordnung des Rates der Stadt mussten im Vorhaus eines jeden Hauses immer f\u00fcr den Fall der Not einige Ledereimer bereitstehen. Bai Ausbruch eines Feuers ert\u00f6nte die Brandglocke oder das Brandhorn, dann eilten alle Bewohner mit ihren Eimern dorthin und bildeten schnell eine lange Reihe vom Feuerherd zur Wasserstelle. In dieser Doppelreihe wurden dann die Eimer von Hand zu Hand weitergereicht. Das war nur eine Notbehelf bei kleineren\u00a0Br\u00e4nde. Im Notfalle halt man sich gegenseitig in den Nachbarschafen und viele freiwillige Helfer eilten herzu. Als die St\u00e4dte sp\u00e4ter gr\u00f6\u00dfer wurden, bildeten sich Feuerwehren, die zuerst mit Hand- und sp\u00e4ter auch mit Dampfspritzen, Leitern, Brandhaken und weiteren Ger\u00e4ten versehen wurden.<\/p><p style=\"text-align: center;\">So ist auf einer alten Abbildung von M\u00f6nchengladbach von 1896 die Gladbacher Dampfspritze noch zu sehen.<\/p><p style=\"text-align: center;\">In M\u00f6nchengladbach bildete sich eine Freiwillige Feuerwehr zu Anfang des 19. Jahrhunderts nach Abzug der Franzosen, diese wurde erst 1901 in eine Berufswehr umgewandelt. \u00c4hnlich wird es wohl in diesen Zeiten auch in Hardt gewesen sein.<\/p>\t\t\n\t\t\t<h2>Chronik<\/h2>\t\t\n\t\t\t\t0\n\t\t\t<h2>Indienststellung eines LF 10<\/h2>\t\t\n\t\t\t\t\t\t\t\t\t\t\t<a href=\"https:\/\/fw-hardt.de\/wp-content\/uploads\/2019\/11\/IMG_3280.jpg\" data-elementor-open-lightbox=\"default\">\n\t\t\t\t\t\t\t<img width=\"1024\" height=\"683\" src=\"https:\/\/fw-hardt.de\/wp-content\/uploads\/2019\/11\/IMG_3280.jpg\" alt=\"\" srcset=\"https:\/\/fw-hardt.de\/wp-content\/uploads\/2019\/11\/IMG_3280.jpg 1024w, https:\/\/fw-hardt.de\/wp-content\/uploads\/2019\/11\/IMG_3280-300x200.jpg 300w, https:\/\/fw-hardt.de\/wp-content\/uploads\/2019\/11\/IMG_3280-768x512.jpg 768w\" sizes=\"(max-width: 1024px) 100vw, 1024px\" \/>\t\t\t\t\t\t\t\t<\/a>\n\t\t<p><strong>Als Erg\u00e4nzung der Waldbrandkomponente wurde ein LF10 (L\u00f6schgruppenfahrzeug) welches vorher bei der FF Rheindahlen im Einsatz war \u00fcbernommen. Dieses Einsatzfahrzeug ist Schwerpunktm\u00e4\u00dfig f\u00fcr den Wald- und Vegetationsbrand ausger\u00fcstet und erg\u00e4nzt unser TLF3000 in diesem Einsatzschwerpunkt. Nach erfolgreicher Schulung des Personal wurde das LF10 in den Einsatzdienst gesetzt.<\/strong><\/p>\t\t\n\t\t\t<a href=\"https:\/\/fw-hardt.de\/lf10\/\" role=\"button\">\n\t\t\t\t\t\tInfos zum LF 10\n\t\t\t\t\t<\/a>\n\t\t\t\t0\n\t\t\t<h2>Neues TLF 3000<\/h2>\t\t\n\t\t<p><strong>Das neue TLF 3000 ersetzt das alte TLF 16\/25 am<\/strong><br \/><strong>Standort der Freiwilligen Feuerwehr Einheit<\/strong><br \/><strong>Hardt.\u00a0Das TLF 3000 ist speziell f\u00fcr Brandeins\u00e4tze konzipiert. Mit seinen 3000 Litern Wasser ist eine ausreichende L\u00f6schwasserversorgung an der Einsatzstelle bis zum Herstellen der unabh\u00e4ngigen Wasserversorgung gut gew\u00e4hrleistet. Zusammen mit der hohen Gel\u00e4ndeg\u00e4ngigkeit und der erg\u00e4nzenden Waldbrand ausstattung eignet sich unser TLF 3000 ideal zum Einsatz in Forstgebieten.<\/strong><\/p>\t\t\n\t\t\t<a href=\"https:\/\/fw-hardt.de\/tlf-3000\/\" role=\"button\">\n\t\t\t\t\t\tInfos zum TLF 3000\n\t\t\t\t\t<\/a>\n\t\t\t\t\t\t\t\t\t\t\t<a href=\"https:\/\/fw-hardt.de\/wp-content\/uploads\/2019\/06\/TLF30007.jpg\" data-elementor-open-lightbox=\"default\">\n\t\t\t\t\t\t\t<img width=\"1024\" height=\"683\" src=\"https:\/\/fw-hardt.de\/wp-content\/uploads\/2019\/06\/TLF30007.jpg\" alt=\"\" srcset=\"https:\/\/fw-hardt.de\/wp-content\/uploads\/2019\/06\/TLF30007.jpg 1024w, https:\/\/fw-hardt.de\/wp-content\/uploads\/2019\/06\/TLF30007-300x200.jpg 300w, https:\/\/fw-hardt.de\/wp-content\/uploads\/2019\/06\/TLF30007-768x512.jpg 768w\" sizes=\"(max-width: 1024px) 100vw, 1024px\" \/>\t\t\t\t\t\t\t\t<\/a>\n\t\t\t\t0\n\t\t\t<h2>Neue Feuerwehrhelme<\/h2>\t\t\n\t\t\t\t\t\t\t\t\t\t\t<a href=\"https:\/\/fw-hardt.de\/wp-content\/uploads\/2019\/06\/FF_Hardt-822.jpg\" data-elementor-open-lightbox=\"default\">\n\t\t\t\t\t\t\t<img width=\"512\" height=\"768\" src=\"https:\/\/fw-hardt.de\/wp-content\/uploads\/2019\/06\/FF_Hardt-822.jpg\" alt=\"\" srcset=\"https:\/\/fw-hardt.de\/wp-content\/uploads\/2019\/06\/FF_Hardt-822.jpg 512w, https:\/\/fw-hardt.de\/wp-content\/uploads\/2019\/06\/FF_Hardt-822-200x300.jpg 200w\" sizes=\"(max-width: 512px) 100vw, 512px\" \/>\t\t\t\t\t\t\t\t<\/a>\n\t\t<p><strong>Die Freiwillige Feuerwehr Hardt wurde mit neuen Helmen Typ Heros Smart von der Firma Rosenbauer ausgestattet. Diese werden bei Brand und Hilfeleistungseins\u00e4tzen getragen. <\/strong><strong>Die neuen Schutzhelme entsprechen den aktuellen Anforderungen. <\/strong><strong>Auch der Tragekomfort hat sich verbessert.<\/strong><\/p>\t\t\n\t\t\t\t0\n\t\t\t<h2>Hilfeleistungsl\u00f6schgruppenfahrzeug HLF 20<\/h2>\t\t\n\t\t\t\t\t\t\t\t\t\t\t<a href=\"https:\/\/fw-hardt.de\/wp-content\/uploads\/2019\/06\/HLF20_4.jpg\" data-elementor-open-lightbox=\"default\">\n\t\t\t\t\t\t\t<img width=\"1024\" height=\"682\" src=\"https:\/\/fw-hardt.de\/wp-content\/uploads\/2019\/06\/HLF20_4.jpg\" alt=\"\" srcset=\"https:\/\/fw-hardt.de\/wp-content\/uploads\/2019\/06\/HLF20_4.jpg 1024w, https:\/\/fw-hardt.de\/wp-content\/uploads\/2019\/06\/HLF20_4-300x200.jpg 300w, https:\/\/fw-hardt.de\/wp-content\/uploads\/2019\/06\/HLF20_4-768x512.jpg 768w\" sizes=\"(max-width: 1024px) 100vw, 1024px\" \/>\t\t\t\t\t\t\t\t<\/a>\n\t\t<p><strong>Nach fast 30 Jahren Einsatzdienst bei der FF-Hardt wurde heute der RW 1 (R\u00fcstwagen) an die Berufsfeuerwehr zur\u00fcck gegeben. Das Fahrzeug wird zuk\u00fcnftig im Katastrophenschutz der Stadt M\u00f6chengladbach Verwendung finden. Als Ersatz wurde ein HLF20 (Hilfeleistungsl\u00f6schgruppenfahrzeug) \u00fcbernommen. Dieses Einsatzfahrzeug ist mit einer umfangreichen Beladung zur Brandbek\u00e4mpfung und technischen Hilfeleistung ausgestattet. Nach Schulung des Personal wird das HLF20 im Einsatzdienst eingesetzt.<\/strong><\/p>\t\t\n\t\t\t<a href=\"https:\/\/fw-hardt.de\/hilfeleistungsloeschgruppenfahrzeug-hlf-20\/\" role=\"button\">\n\t\t\t\t\t\tInfos zum HLF 20\n\t\t\t\t\t<\/a>\n\t\t\t\t0\n\t\t\t<h2>F\u00fchrungswechsel<\/h2>\t\t\n\t\t<p><strong>J\u00f6rg Lampe entschied sich f\u00fcr die Empfehlung der Einheit in allen drei Wahlg\u00e4ngen.<\/strong><br \/><strong>Er bedankte sich bei der Einheit eine so klare Entscheidung getroffen zu haben. Diese Entscheidung wird in den n\u00e4chsten 6 Jahren viele \u00c4nderungen mit sich bringen, so Lampe. Er betonte, dass Kurt Teeuwen f\u00fcr die Einheit einen guten Weg bereitet hat und trotz demographischer Probleme die Einheit verj\u00fcngt hat.<\/strong><br \/><strong>Kurt Teeuwen bedankte sich bei der Einheit f\u00fcr die gute Zusammenarbeit in 23 Jahren Einheitsf\u00fchrung und bat um die Unterst\u00fctzung der neuen Einheitsf\u00fchrung. Er w\u00fcnschte allen Anwesenden gesundes Heim kommen von Eins\u00e4tzen nach dem Motto \u201eGott zur Ehr dem N\u00e4chsten zur Wehr\u201c.<\/strong><\/p><p><strong>Guido Stappmanns bedankte sich im Namen der Mannschaft mit einem Geschenkkorb. J\u00f6rg Lampe bedankte sich noch bei Klaus Vieten f\u00fcr die Protokollf\u00fchrung und bei Wilhelm Zenzes und J\u00fcrgen Pohlke f\u00fcr die Stimmenauswertung.<\/strong><\/p><p><strong>Die neue Einheitsf\u00fchrung setzt sich also wie Folgt zusammen:<\/strong><br \/><strong>Einheitsf\u00fchrer:<\/strong><br \/><strong>Guido Stappmanns<\/strong><br \/><strong>1. Stellvertreter<\/strong><br \/><strong>Klaus Zenzes<\/strong><br \/><strong>2. Stellvertreter<\/strong><br \/><strong>Thomas Loers<\/strong><\/p>\t\t\n\t\t\t\t\t\t\t\t\t\t\t<a href=\"https:\/\/fw-hardt.de\/wp-content\/uploads\/2017\/05\/Sonstiges14.jpg\" data-elementor-open-lightbox=\"default\">\n\t\t\t\t\t\t\t<img src=\"https:\/\/fw-hardt.de\/wp-content\/uploads\/2017\/05\/Sonstiges14.jpg\" title=\"\" alt=\"\" \/>\t\t\t\t\t\t\t\t<\/a>\n\t\t\t\t0\n\t\t\t<h2>Neue Feuerwehrhelme<\/h2>\t\t\n\t\t<p><strong>Die Freiwillige Feuerwehr Hardt wurde mit neuen Helmen Typ Heros von der Firma Rosenbauer ausgestattet. Dieser Helm zeichnet sich dadurch aus, dass er \u00fcber das Rad auf der R\u00fcckseite sehr schnell an den Kopf angepasst werden kann. Das ist vor allem f\u00fcr Atemschutzger\u00e4tetr\u00e4ger wichtig, da sie den Helm beim Tragen einer Atemschutzmaske und der Flammschutzhaube anpassen m\u00fcssen.<\/strong><\/p>\t\t\n\t\t\t\t\t\t\t\t\t\t\t<a href=\"https:\/\/fw-hardt.de\/wp-content\/uploads\/2018\/07\/2003-heros.jpg\" data-elementor-open-lightbox=\"default\">\n\t\t\t\t\t\t\t<img width=\"300\" height=\"279\" src=\"https:\/\/fw-hardt.de\/wp-content\/uploads\/2018\/07\/2003-heros.jpg\" alt=\"\" \/>\t\t\t\t\t\t\t\t<\/a>\n\t\t\t\t0\n\t\t\t<h2>100 Jahre Berufsfeuerwehr M\u00f6nchengladbach<\/h2>\t\t\n\t\t<p><strong>Auf dem Gel\u00e4nde der Hardter Waldklinik wurde, f\u00fcr das Festbuch \u201e100 Jahre Berufsfeuerwehr M\u00f6nchengladbach\u201c, ein Gruppenbild gefertigt. Im Vordergrund stand die Mannschaft, Freiwillige Feuerwehr mit der Alters- und Ehrenabteilung und der Jugendfeuerwehr, in der zweiten Reihe die Fahrzeuge und im Hintergrund das Historische Geb\u00e4ude der Klinik.<\/strong><\/p>\t\t\n\t\t\t\t\t\t\t\t\t\t\t<a href=\"https:\/\/fw-hardt.de\/wp-content\/uploads\/2018\/07\/Bild2000.jpg\" data-elementor-open-lightbox=\"default\">\n\t\t\t\t\t\t\t<img width=\"1041\" height=\"813\" src=\"https:\/\/fw-hardt.de\/wp-content\/uploads\/2018\/07\/Bild2000.jpg\" alt=\"\" srcset=\"https:\/\/fw-hardt.de\/wp-content\/uploads\/2018\/07\/Bild2000.jpg 1041w, https:\/\/fw-hardt.de\/wp-content\/uploads\/2018\/07\/Bild2000-300x234.jpg 300w, https:\/\/fw-hardt.de\/wp-content\/uploads\/2018\/07\/Bild2000-768x600.jpg 768w, https:\/\/fw-hardt.de\/wp-content\/uploads\/2018\/07\/Bild2000-1024x800.jpg 1024w\" sizes=\"(max-width: 1041px) 100vw, 1041px\" \/>\t\t\t\t\t\t\t\t<\/a>\n\t\t\t\t0\n\t\t\t<h2>Fahrzeugeinweihung des neuen TLF 16\/25<\/h2>\t\t\n\t\t<p><strong>Nachdem vor genau 20 Jahren das alte TLF der Einheit \u00fcbergeben wurde, bekam der HBM Kurt Teeuwen in einer Feierstunde vom BD J\u00f6rg Lampe die Fahrzeugschl\u00fcssel f\u00fcr das neue TLF \u00fcberreicht. Als G\u00e4ste waren BD Lampe, BAR Weigel, Ratsfrau Schild, Ratsherr Hendrichs, Pastor Hendrichs, Kameraden der FF-Broich, FF-G\u00fcnhoven, FF-Stadtmitte sowie Vertreter von Hardter Vereinen und Hardter B\u00fcrger anwesend. Kurt Teeuwen erl\u00e4uterte in seiner Ansprache technische Details zum neuen Fahrzeug und auch grob die Anschaffungskosten. Der Pastor weihte das Fahrzeug.<\/strong><\/p>\t\t\n\t\t\t\t\t\t\t\t\t\t\t<a href=\"https:\/\/fw-hardt.de\/wp-content\/uploads\/2019\/06\/TLF16-25_2.jpg\" data-elementor-open-lightbox=\"default\">\n\t\t\t\t\t\t\t<img width=\"1024\" height=\"682\" src=\"https:\/\/fw-hardt.de\/wp-content\/uploads\/2019\/06\/TLF16-25_2-1024x682.jpg\" alt=\"\" srcset=\"https:\/\/fw-hardt.de\/wp-content\/uploads\/2019\/06\/TLF16-25_2.jpg 1024w, https:\/\/fw-hardt.de\/wp-content\/uploads\/2019\/06\/TLF16-25_2-300x200.jpg 300w, https:\/\/fw-hardt.de\/wp-content\/uploads\/2019\/06\/TLF16-25_2-768x512.jpg 768w\" sizes=\"(max-width: 1024px) 100vw, 1024px\" \/>\t\t\t\t\t\t\t\t<\/a>\n\t\t\t\t0\n\t\t\t<h2>Gr\u00fcndung Jugendfeuerwehr<\/h2>\t\t\n\t\t<p><strong>Die Jugendfeuerwehr Hardt wurde 1995 durch HBM Heinz Gerhards gegr\u00fcndet und stellt seitdem mit 12-14 Jugendlichem im Alter von 10-17 Jahren das Standbein der Jugendarbeit innerhalb der Feuerwehr in M\u00f6nchengladbach Hardt dar. Neben der allgemeinen feuerwehrtechnischen Ausbildung in Brandbek\u00e4mpfung, Technischer Hilfeleistung, Erster Hilfe und den naturwissenschaftlichen Grundlagen zur Feuerwehr z\u00e4hlt Jugendarbeit mit Ausfl\u00fcgen, Wochenendfahrten, \u00dcbernachtungen, Sporttagen und Besuchen Ausstellungen und Museen ebenfalls zum breiten Programm der Jugendfeuerwehr in Hardt.<\/strong><\/p>\t\t\n\t\t\t\t\t\t\t\t\t\t\t<a href=\"https:\/\/fw-hardt.de\/wp-content\/uploads\/2017\/04\/JF-Hardt-Logo.png\" data-elementor-open-lightbox=\"default\">\n\t\t\t\t\t\t\t<img width=\"674\" height=\"300\" src=\"https:\/\/fw-hardt.de\/wp-content\/uploads\/2017\/04\/JF-Hardt-Logo.png\" alt=\"\" srcset=\"https:\/\/fw-hardt.de\/wp-content\/uploads\/2017\/04\/JF-Hardt-Logo.png 674w, https:\/\/fw-hardt.de\/wp-content\/uploads\/2017\/04\/JF-Hardt-Logo-300x134.png 300w, https:\/\/fw-hardt.de\/wp-content\/uploads\/2017\/04\/JF-Hardt-Logo-604x270.png 604w\" sizes=\"(max-width: 674px) 100vw, 674px\" \/>\t\t\t\t\t\t\t\t<\/a>","_et_gb_content_width":"","footnotes":""},"class_list":["post-43","page","type-page","status-publish","has-post-thumbnail","hentry"],"_links":{"self":[{"href":"https:\/\/fw-hardt.de\/index.php?rest_route=\/wp\/v2\/pages\/43","targetHints":{"allow":["GET"]}}],"collection":[{"href":"https:\/\/fw-hardt.de\/index.php?rest_route=\/wp\/v2\/pages"}],"about":[{"href":"https:\/\/fw-hardt.de\/index.php?rest_route=\/wp\/v2\/types\/page"}],"author":[{"embeddable":true,"href":"https:\/\/fw-hardt.de\/index.php?rest_route=\/wp\/v2\/users\/1"}],"replies":[{"embeddable":true,"href":"https:\/\/fw-hardt.de\/index.php?rest_route=%2Fwp%2Fv2%2Fcomments&post=43"}],"version-history":[{"count":6,"href":"https:\/\/fw-hardt.de\/index.php?rest_route=\/wp\/v2\/pages\/43\/revisions"}],"predecessor-version":[{"id":5274,"href":"https:\/\/fw-hardt.de\/index.php?rest_route=\/wp\/v2\/pages\/43\/revisions\/5274"}],"wp:featuredmedia":[{"embeddable":true,"href":"https:\/\/fw-hardt.de\/index.php?rest_route=\/wp\/v2\/media\/5477"}],"wp:attachment":[{"href":"https:\/\/fw-hardt.de\/index.php?rest_route=%2Fwp%2Fv2%2Fmedia&parent=43"}],"curies":[{"name":"wp","href":"https:\/\/api.w.org\/{rel}","templated":true}]}}