{"id":3754,"date":"2019-12-11T21:37:37","date_gmt":"2019-12-11T21:37:37","guid":{"rendered":"https:\/\/fw-hardt.de\/?page_id=3754"},"modified":"2019-12-11T21:37:37","modified_gmt":"2019-12-11T21:37:37","slug":"sirenenwarnsystem","status":"publish","type":"page","link":"https:\/\/fw-hardt.de\/?page_id=3754","title":{"rendered":"Sirenenwarnsystem"},"content":{"rendered":"<h1>Probealarm am jeden<br \/>1. Samstag im Monat!<\/h1>\n<p>\u00a0<\/p>\n<p>Die Feuerwehr f\u00fchrt jeden ersten Samstag im Monat um 11 Uhr einen Probealarm durch. An 65 Standorten geh\u00f6ren die Sirenentests schon zur Routine.<\/p>\n<p>\t\t\t\t\t\t\t\t\t\t\t<a href=\"https:\/\/fw-hardt.de\/wp-content\/uploads\/2019\/12\/fire-siren-61750_1920.jpg\" data-elementor-open-lightbox=\"yes\" data-elementor-lightbox-title=\"fire-siren-61750_1920\"><br \/>\n\t\t\t\t\t\t\t<img decoding=\"async\" width=\"1024\" height=\"768\" src=\"https:\/\/fw-hardt.de\/wp-content\/uploads\/2019\/12\/fire-siren-61750_1920.jpg\" alt=\"\" loading=\"lazy\" srcset=\"https:\/\/fw-hardt.de\/wp-content\/uploads\/2019\/12\/fire-siren-61750_1920.jpg 1024w, https:\/\/fw-hardt.de\/wp-content\/uploads\/2019\/12\/fire-siren-61750_1920-300x225.jpg 300w, https:\/\/fw-hardt.de\/wp-content\/uploads\/2019\/12\/fire-siren-61750_1920-768x576.jpg 768w\" sizes=\"(max-width: 1024px) 100vw, 1024px\" \/>\t\t\t\t\t\t\t\t<\/a><br \/>\n\t\t\t\t\t\t\t\t\t\t\t\t<a href=\"\">Was bedeuten die Sirenensignale?<\/a><\/p>\n<ul>\n<li>auf- und abschwellender Sirenenton (eine Minute):\u00a0<strong>Warnung,<\/strong>\u00a0<strong>Gefahr<\/strong><\/li>\n<li>Dauerton (eine Minute):\u00a0<strong>Entwarnung, Gefahr vor\u00fcber<\/strong><\/li>\n<\/ul>\n<p>\t\t\t\t\t\t\t\t\t\t\t\t<a href=\"\">Was ist bei einer Warnung zu tun?<\/a><\/p>\n<p>In solchen F\u00e4llen gelten folgende Verhaltenshinweise:<\/p>\n<ul>\n<li>Ruhe bewahren<\/li>\n<li>Geb\u00e4ude\/Wohnung aufsuchen<\/li>\n<li>T\u00fcren und Fenster schlie\u00dfen<\/li>\n<li>Radio einschalten (WDR, Radio 90,1)<\/li>\n<li>Fernsehger\u00e4t einschalten (WDR)<\/li>\n<li>Informationen hier im Internet\u00a0abrufen<\/li>\n<li>Krisen-Hotline der Stadt MG anrufen 02161 \u2013 25 54321<\/li>\n<li>Nachbarn im Haus informieren<\/li>\n<li>Handy beachten (Warn-App NINA)<\/li>\n<\/ul>\n<p>\t\t\t\t\t\t\t\t\t\t\t\t<a href=\"\">Warum Sirenen?<\/a><\/p>\n<p>Die Stadt muss bei Gro\u00dfschadensereignissen ein leistungsf\u00e4higes Warnsystem f\u00fcr die Bev\u00f6lkerung vorhalten. Der Bund hatte nach dem Ende des Kalten Krieges sein fl\u00e4chendeckendes Warnsystem aufgegeben und es den Kommunen \u00fcberlassen. Die Stadt M\u00f6nchengladbach warnt seitdem die Bev\u00f6lkerung wenn n\u00f6tig\u00a0durch den Einsatz von Warnfahrzeugen. Zur verbesserten und schnelleren Information der Bev\u00f6lkerung hatte sich der Rat dazu entschieden, zus\u00e4tzlich ein eigenes Sirenen-Warnsystem aufzubauen.<\/p>\n<p>\t\t\t\t\t\t\t\t\t\t\t\t<a href=\"\">Wann ert\u00f6nen Sirenen?<\/a><\/p>\n<p>Die Sirenen ert\u00f6nen nur bei sogenannten Gro\u00dfschadensereignissen oder in Krisenf\u00e4llen wie bei Chemieunfall, Unwettergefahren (Hochwasser), einem Gro\u00dfbrand mit Fl\u00e4chenlage oder bei terroristischen Anschl\u00e4gen zur fl\u00e4chendeckenden Information der Bev\u00f6lkerung.<\/p>\n<p>\t\t\t\t\t\t\t\t\t\t\t\t<a href=\"\">Ablauf des Sirenentests<\/a><\/p>\n<ul>\n<li>\n<p>11.00 Uhr &#8211; ENTWARNUNG: Dauerton von einer Minute<\/p>\n<\/li>\n<li>\n<p>11.06 Uhr &#8211; WARNUNG: auf- und abschwellender Heulton von einer Minute<\/p>\n<\/li>\n<li>\n<p>11.12 Uhr &#8211; ENTWARNUNG: Ende des Testalarms mit einem Dauerton von einer Minute<\/p>\n<\/li>\n<\/ul>\n<p>\t\t\t\t\t\t\t\t\t\t\t\t<a href=\"\">An diesen Standorten in den Stadtzentren wurden bisher bereits Sirenen installiert<\/a><\/p>\n<ul>\n<li>Ordnungsamt Hauptstra\u00dfe<\/li>\n<li>Niersverband, Niersdonker Str. 10<\/li>\n<li>KGS Broich, Rochusstr. 326<\/li>\n<li>Gymnasium an der Gartenstra\u00dfe<\/li>\n<li>GGS Erich-K\u00e4stner, Dohler Stra\u00dfe 12<\/li>\n<li>Gesamtschule Volksgarten, Volksgartensta\u00dfe 75<\/li>\n<li>Berufskolleg Volksgartenstra\u00dfe, Volksgartenstra\u00dfe 124<\/li>\n<li>Heinrich-Lersch-Schule, Rohrstra\u00dfe 43<\/li>\n<li>BIS, Bismarckstra\u00dfe 97\/99<\/li>\n<li>F\u00f6rderschule, Kabelstra\u00dfe 63<\/li>\n<li>Weiterbildungskolleg Linker Niederrhein, Brunnenstra\u00dfe 230<\/li>\n<li>KGS Ohler, Konradstra\u00dfe 72<\/li>\n<li>NEW, Voltastra\u00dfe 2<\/li>\n<li>Verwaltungsgeb\u00e4ude Oberstadt, Aachener Stra\u00dfe 2<\/li>\n<li>F\u00f6rderschule Dahlener Stra\u00dfe<\/li>\n<li>Odenkirchener Stra\u00dfe auf dem Theater<\/li>\n<li>Grundschule Steinstra\u00dfe<\/li>\n<li>Grundschule Heyden Zingsheimer Stra\u00dfe<\/li>\n<li>Rheinstra\u00dfe auf dem Geb\u00e4ude der Firma GE Grid GmbH<\/li>\n<li>KGS Holt, Engelsholt 56 F\u00f6rderzentrum MG-Nord, Heidegrund 15<\/li>\n<li>Annaschule, Annakirchstra\u00dfe 56<\/li>\n<li>KGS Bettrath-Hoven, Von-Groohe-Str. 145<\/li>\n<li>KGS Damm, Krahnendonk 19<\/li>\n<li>Freizeit und Lernheim, H\u00fclserkamp 1<\/li>\n<li>Trabrennbahn M\u00f6nchengladbach, Am Flughafen 5<\/li>\n<li>Am Sternenfeld (Grundschule)<\/li>\n<li>Katzenbauerstra\u00dfe (F\u00f6rderschule)<\/li>\n<li>Luisental (\u00dcbergangsheim)<\/li>\n<li>Klosterstra\u00dfe (Verwaltungsgeb\u00e4ude)<\/li>\n<li>Malmedyer Stra\u00dfe (Unternehmensgeb\u00e4ude)<\/li>\n<li>Viersener Stra\u00dfe (Kliniken Maria Hilf)<\/li>\n<li>Am Mevissenhof (Verwaltungsgeb\u00e4ude)<\/li>\n<li>H\u00f6fgenweg (Grundschule)<\/li>\n<li>An der Kirche (ehemaliges Schulgeb\u00e4ude Wanlo)<\/li>\n<li>KGS G\u00fcnhoven, Stadtwaldstra\u00dfe 293&nbsp;<\/li>\n<li>Turnhalle Beckrath, Beckrather Dorfstra\u00dfe 35&nbsp;<\/li>\n<li>DRK-Haus &#8222;Am Volksgarten&#8220;, Carl-Diem-Stra\u00dfe 2-4&nbsp;<\/li>\n<li>Elisabeth-Krankenhaus Rheydt, Hubertusstra\u00dfe 100&nbsp;<\/li>\n<li>Hochhaus Stra\u00dfburger Allee, Stra\u00dfburger Allee 23<\/li>\n<li>Friedhof Giesenkirchen, Nellessenweg 80&nbsp;<\/li>\n<li>FF Buchholz, Laurentiusstra\u00dfe 62<\/li>\n<p style=\"margin-bottom: 11px; color: rgb(47, 47, 47); font-family: myriad-pro, sans-serif; font-size: 16.0002px;\"><strong><br \/><\/strong><\/p>\n<p style=\"margin-bottom: 11px; color: rgb(47, 47, 47); font-family: myriad-pro, sans-serif; font-size: 16.0002px;\"><strong>Neu seit Oktober 2020:&nbsp;<\/strong><\/p>\n<ul style=\"margin-bottom: 11px; padding-left: 24px; color: rgb(47, 47, 47); font-family: myriad-pro, sans-serif; font-size: 16.0002px;\">\n<li>Berufskolleg, Bruchstra\u00dfe 58&nbsp;<\/li>\n<li>Wohnhaus, Ahrener Feld 1&nbsp;<\/li>\n<li>Franz-Mayers-Gymnasium, Asternweg 1&nbsp;<\/li>\n<li>Wohnhaus, Jakobsh\u00f6he 33<\/li>\n<\/ul>\n<p style=\"margin-bottom: 11px; color: rgb(47, 47, 47); font-family: myriad-pro, sans-serif; font-size: 16.0002px;\"><strong>Neu seit November 2020:<\/strong><\/p>\n<ul style=\"margin-bottom: 11px; padding-left: 24px; color: rgb(47, 47, 47); font-family: myriad-pro, sans-serif; font-size: 16.0002px;\">\n<li>Bockersend 191<\/li>\n<li>Stadt 27<\/li>\n<li>Erftstra\u00dfe 71<\/li>\n<li>Len\u00dfenhof 174<\/li>\n<li>FF Wickrathberg,&nbsp; Am Tannenw\u00e4ldchen 12<\/li>\n<li>Hocksteiner Weg 50<\/li>\n<li>FF Wickrath-Hahn, Pr\u00e4lat-Esser-Str.&nbsp; 23<\/li>\n<li>Herrather Linde 57<\/li>\n<li>Sportplatz Victoria Mennrath<\/li>\n<li>Sittard 22<\/li>\n<li>Merreter 43<\/li>\n<li>FF Woof, Woof 26<\/li>\n<li>Gerkerath 174<\/li>\n<li>Feuer- und Rettungswache II, Pfingsgraben 2<\/li>\n<li>KGS Hehn, Heiligenpesch 39<\/li>\n<li>ehemaliges JHQ, Chazal Road 34<\/li>\n<li>DJH Jugendherberge, Brahmsstra\u00dfe 156<\/li>\n<li>Kreuelskamp 57<\/li>\n<li>Wey 1<\/li>\n<li>FF Kothausen,&nbsp; Gladbacher Stra\u00dfe 121<\/li>\n<\/ul>\n<p style=\"margin-bottom: 11px; color: rgb(47, 47, 47); font-family: myriad-pro, sans-serif; font-size: 16.0002px;\"><strong>Neu seit Dezember 2020:<\/strong><\/p>\n<ul style=\"margin-bottom: 11px; padding-left: 24px; color: rgb(47, 47, 47); font-family: myriad-pro, sans-serif; font-size: 16.0002px;\">\n<li>Verwaltungsgeb\u00e4ude, Plektrudisstr. 25-27<\/li>\n<li>Sirenenmast, Harder Str. \/ Queens Avenue<\/li>\n<li>DHL Fashion, Regioparkring 30<\/li>\n<li>Fa. Sato, Tomphecke 51<\/li>\n<\/ul>\n<\/ul>\n<ul style=\"margin-bottom: 11px; padding-left: 24px; color: rgb(47, 47, 47); font-family: myriad-pro, sans-serif; font-size: 16.0002px;\">\n<\/ul>\n<h2>Sirene f\u00fcr die Hosentasche: NINA-App<\/h2>\n<h3><strong>Kostenlose bundesweite Warn-App sollte auf keinem Mobiltelefon fehlen<\/strong><\/h3>\n<p>Parallel zu Sirenen und Medien warnt die Stadt M\u00f6nchengladbach B\u00fcrger bei Gefahren auch per Smartphone \u00fcber die\u00a0<a href=\"https:\/\/www.bbk.bund.de\/DE\/NINA\/Warn-App_NINA_Einstieg.html\" target=\"_blank\" rel=\"noopener\"><strong>Warn-App NINA<\/strong>\u00a0des Bundesamtes f\u00fcr Bev\u00f6lkerungsschutz und Katastrophenhilfe<\/a>.<\/p>\n<h3><strong>Alternativ:<\/strong><\/h3>\n<p>Wer die NINA-App nicht nutzen kann oder will, kann die Meldungen auch hier finden:<\/p>\n<p><strong><a href=\"https:\/\/warnung.bund.de\/meldungen\" target=\"_blank\" rel=\"noopener\">https:\/\/warnung.bund.de\/meldungen<\/a><\/strong><\/p>\n<figure>\n\t\t\t\t\t\t\t\t\t\t\t<a href=\"https:\/\/fw-hardt.de\/wp-content\/uploads\/2019\/12\/csm_Logo_NINA_mit_Weissraum_93b2ed5024.jpg\" data-elementor-open-lightbox=\"yes\" data-elementor-lightbox-title=\"csm_Logo_NINA_mit_Weissraum_93b2ed5024\"><br \/>\n\t\t\t\t\t\t\t<img decoding=\"async\" width=\"570\" height=\"475\" src=\"https:\/\/fw-hardt.de\/wp-content\/uploads\/2019\/12\/csm_Logo_NINA_mit_Weissraum_93b2ed5024.jpg\" alt=\"\" loading=\"lazy\" srcset=\"https:\/\/fw-hardt.de\/wp-content\/uploads\/2019\/12\/csm_Logo_NINA_mit_Weissraum_93b2ed5024.jpg 570w, https:\/\/fw-hardt.de\/wp-content\/uploads\/2019\/12\/csm_Logo_NINA_mit_Weissraum_93b2ed5024-300x250.jpg 300w\" sizes=\"(max-width: 570px) 100vw, 570px\" \/>\t\t\t\t\t\t\t\t<\/a><figcaption>Quelle: https:\/\/www.moenchengladbach.de\/de\/aktuell-aktiv\/notfallmg\/<\/figcaption><\/figure>\n<p>\t\t\t\t\t\t\t\t\t\t\t\t<a href=\"\">Drei Gr\u00fcnde, die Warn-App NINA zu nutzen<\/a><\/p>\n<ol>\n<li>Sie k\u00f6nnen mit NINA alle Warnmeldungen, die \u00fcber das Modulare Warnsystem (MoWaS) herausgegeben werden, Wetterwarnungen des DWD und Hochwasserinformationen empfangen \u2013 alles \u00fcber eine App<\/li>\n<li>Sie werden aktiv \u00fcber aktuelle Gefahren informiert, denn die Push-Funktion von NINA macht Sie auf neue Warnungen aufmerksam.<\/li>\n<li>Verhaltenshinweise und allgemeine Notfalltipps von Experten helfen Ihnen dabei, sich auf m\u00f6gliche Gefahren vorzubereiten. So k\u00f6nnen Sie sich und andere besser sch\u00fctzen.<\/li>\n<\/ol>\n<p>\t\t\t\t\t\t\t\t\t\t\t\t<a href=\"\">NINA informiert den Nutzer, bei Gefahrenlagen<\/a><\/p>\n<p>\u00a0\u2013 etwa bei einem Gro\u00dfbrand oder wenn sich Gefahrstoffe ausbreiten.<\/p>\n<p>Wetterwarnungen des Deutschen Wetterdienstes und Hochwasserinformationen sind ebenfalls in die Warn-App integriert. Ist die App erst einmal heruntergeladen, kann man einstellen,\u00a0<strong>f\u00fcr welche St\u00e4dte oder Kreise man die Warnungen erhalten<\/strong>\u00a0m\u00f6chte. Wer viel unterwegs ist, kann sich die Warnungen auch immer f\u00fcr seinen\u00a0<strong>aktuellen Standort<\/strong>\u00a0anzeigen lassen.<\/p>\n<p>\t\t\t\t\t\t\t\t\t\t\t\t<a href=\"\">NINA installieren<\/a><\/p>\n<p>Sie k\u00f6nnen die Warn-App NINA f\u00fcr die Betriebssysteme iOS (ab Version 8.0) und Android (ab Version 4) nutzen. Die App ist kostenfrei erh\u00e4ltlich \u00fcber iTunes, den App-Store\u00a0und den Google play Store.<\/p>\n<p><a href=\"https:\/\/www.bbk.bund.de\/DE\/NINA\/Warn-App_NINA_Einstieg.html\" target=\"_blank\" rel=\"noopener\"><strong>Links und Bedienungsinformationen<\/strong>\u00a0finden Sie auf den Seiten des Bundesamts f\u00fcr Bev\u00f6lkerungsschutz und Katastrophenhilfe.<\/a><\/p>\n<p>F\u00fcr weitere Betriebssysteme steht unter\u00a0\u00a0<a href=\"http:\/\/www.warnung.bund.de\/\" target=\"_blank\" rel=\"noopener\">www.warnung.bund.de<\/a>\u00a0eine Website zur Verf\u00fcgung, die f\u00fcr die mobile Nutzung optimiert wurde und die Sie ebenfalls \u00fcber alle aktuellen Warnungen in Deutschland informiert. Auch aktuelle Wetterwarnungen des Deutschen Wetterdienstes (DWD) sowie Hochwasserinformationen der L\u00e4nder sind hier abrufbar.<\/p>\n<p><em><strong>Quelle: <a href=\"https:\/\/www.moenchengladbach.de\/de\/aktuell-aktiv\/notfallmg\/\">https:\/\/www.moenchengladbach.de\/de\/aktuell-aktiv\/notfallmg\/<\/a><\/strong><\/em><\/p>\n","protected":false},"excerpt":{"rendered":"<p>Probealarm am jeden1. Samstag im Monat! \u00a0 Die Feuerwehr f\u00fchrt jeden ersten Samstag im Monat um 11 Uhr einen Probealarm durch. An 65 Standorten geh\u00f6ren die Sirenentests schon zur Routine. [&hellip;]<\/p>\n","protected":false},"author":1,"featured_media":3127,"parent":0,"menu_order":0,"comment_status":"closed","ping_status":"closed","template":"","meta":{"_et_pb_use_builder":"","_et_pb_old_content":"","_et_gb_content_width":"","footnotes":""},"class_list":["post-3754","page","type-page","status-publish","has-post-thumbnail","hentry"],"_links":{"self":[{"href":"https:\/\/fw-hardt.de\/index.php?rest_route=\/wp\/v2\/pages\/3754","targetHints":{"allow":["GET"]}}],"collection":[{"href":"https:\/\/fw-hardt.de\/index.php?rest_route=\/wp\/v2\/pages"}],"about":[{"href":"https:\/\/fw-hardt.de\/index.php?rest_route=\/wp\/v2\/types\/page"}],"author":[{"embeddable":true,"href":"https:\/\/fw-hardt.de\/index.php?rest_route=\/wp\/v2\/users\/1"}],"replies":[{"embeddable":true,"href":"https:\/\/fw-hardt.de\/index.php?rest_route=%2Fwp%2Fv2%2Fcomments&post=3754"}],"version-history":[{"count":0,"href":"https:\/\/fw-hardt.de\/index.php?rest_route=\/wp\/v2\/pages\/3754\/revisions"}],"wp:featuredmedia":[{"embeddable":true,"href":"https:\/\/fw-hardt.de\/index.php?rest_route=\/"}],"wp:attachment":[{"href":"https:\/\/fw-hardt.de\/index.php?rest_route=%2Fwp%2Fv2%2Fmedia&parent=3754"}],"curies":[{"name":"wp","href":"https:\/\/api.w.org\/{rel}","templated":true}]}}